{"id":51,"date":"2015-08-20T01:06:21","date_gmt":"2015-08-20T01:06:21","guid":{"rendered":"http:\/\/fecomercio-pe.com.br\/site\/?page_id=51"},"modified":"2025-10-02T13:10:07","modified_gmt":"2025-10-02T16:10:07","slug":"informe-fecomercio-pe","status":"publish","type":"page","link":"http:\/\/fecomercio-pe.com.br\/site\/noticias\/informe-fecomercio-pe\/","title":{"rendered":"Informe Fecom\u00e9rcio-PE"},"content":{"rendered":"<p>[vc_row][vc_column width=&#8221;1\/4&#8243;][\/vc_column][vc_column width=&#8221;1\/2&#8243;][vc_single_image image=&#8221;909&#8243; img_size=&#8221;full&#8221; alignment=&#8221;center&#8221;][\/vc_column][vc_column width=&#8221;1\/4&#8243;][\/vc_column][\/vc_row][vc_row][vc_column width=&#8221;1\/3&#8243;][\/vc_column][vc_column width=&#8221;1\/3&#8243;][\/vc_column][vc_column width=&#8221;1\/3&#8243;][\/vc_column][\/vc_row][vc_row][vc_column][vc_column_text]<\/p>\n<h1>Informe Fecom\u00e9rcio-PE 2025<\/h1>\n<p>[\/vc_column_text][\/vc_column][\/vc_row][vc_row][vc_column width=&#8221;1\/3&#8243;][vc_column_text]<\/p>\n<h2><span style=\"color: #000000;\">Todo bimestre, uma nova revista para voc\u00ea<\/span><\/h2>\n<p>&nbsp;<\/p>\n<p><span style=\"font-style: inherit; font-weight: inherit;\">A revista INFORME FECOM\u00c9RCIO-PE \u00e9 uma publica\u00e7\u00e3o da Federa\u00e7\u00e3o do Com\u00e9rcio de Bens, Servi\u00e7os e Turismo do Estado de Pernambuco (Fecom\u00e9rcio-PE), criada em 1996, a partir da gest\u00e3o do presidente Josias Albuquerque, com a finalidade de integrar e fortalecer a classe empresarial do setor do com\u00e9rcio de bens, servi\u00e7os e turismo. <\/span><\/p>\n<p><span style=\"font-style: inherit; font-weight: inherit;\">Com tiragem de 4 mil exemplares e circula\u00e7\u00e3o nacional, a revista Informe Fecom\u00e9rcio-PE \u00e9 bimestral e leva aos seus leitores informa\u00e7\u00f5es relevantes sobre o com\u00e9rcio de Pernambuco, novas tend\u00eancias de mercado, novos modelos de neg\u00f3cios e acontecimentos relevantes da classe empresarial do Estado<\/span>.[\/vc_column_text][\/vc_column][vc_column width=&#8221;1\/3&#8243;][vc_column_text]<\/p>\n<h3 style=\"padding-left: 0px; text-align: left;\">A Informe Fecom\u00e9rcio-PE agora \u00e9 digital!<\/h3>\n<p>[\/vc_column_text][vc_column_text]<strong>Para acessar a vers\u00e3o digital da revista, basta:<\/strong><\/p>\n<p><strong>1-<\/strong> Baixar o arquivo da Informe Fecom\u00e9rcio-PE em seu smartphone, tablet ou computador, no link ao lado.<\/p>\n<p><strong>2 &#8211;<\/strong>\u00a0Se voc\u00ea ainda n\u00e3o tem um leitor de livros digitais, recomendamos baixar o Lithium ou o Google Play Livros (\u00e9 gratuito!)!<\/p>\n<p><strong>3 &#8211;<\/strong> J\u00e1 tem o leitor de livros digitais? Ent\u00e3o, aproveite e leia a nossa revista na sua melhor vers\u00e3o: digital![\/vc_column_text][\/vc_column][vc_column width=&#8221;1\/3&#8243;][vc_column_text]<\/p>\n<h3 style=\"padding-left: 30px;\"><strong>Julho-Agosto | 2025<\/strong><\/h3>\n<h5 style=\"padding-left: 30px;\">Ano XIV &#8211; Edi\u00e7\u00e3o N\u00ba 082<\/h5>\n<p>[\/vc_column_text][vc_single_image image=&#8221;11535&#8243; img_size=&#8221;medium&#8221; alignment=&#8221;center&#8221;][vc_column_text]<\/p>\n<h2>Palcos das mem\u00f3rias<\/h2>\n<p>E mais:<br \/>\n&#8211; Hist\u00f3ria de Empreendedor | Eduardo Cavalcanti e os 40 anos do Portal de Gravat\u00e1<\/p>\n<p>&#8211; Pense Positivo | Corridas de rua: sa\u00fade e bem-estar em movimento<\/p>\n<p><a href=\"https:\/\/fecomerciope-my.sharepoint.com\/:b:\/g\/personal\/comunicacao_fecomerciope_onmicrosoft_com\/EZivIp6t3HVPnNTiU4r9sJcBbiwoteQ4P9dignVYDXJWjQ?e=JwAIMO\" target=\"_blank\" rel=\"noopener\"><strong>Vers\u00e3o PDF<\/strong><\/a>[\/vc_column_text][\/vc_column][\/vc_row][vc_row][vc_column width=&#8221;1\/3&#8243;][vc_column_text]<\/p>\n<h3 style=\"padding-left: 30px;\"><strong>Maio-Junho | 2025<\/strong><\/h3>\n<h5 style=\"padding-left: 30px;\">Ano XIV &#8211; Edi\u00e7\u00e3o N\u00ba 081<\/h5>\n<p>[\/vc_column_text][vc_single_image image=&#8221;11434&#8243; img_size=&#8221;medium&#8221; alignment=&#8221;center&#8221;][vc_column_text]<\/p>\n<h2>Semana S do Com\u00e9rcio de Bens, Servi\u00e7os e Turismo<\/h2>\n<p>&nbsp;<\/p>\n<p>E mais:<br \/>\n&#8211; Um Outro Olhar | Tradi\u00e7\u00e3o e inova\u00e7\u00e3o \u00e0 mesa<\/p>\n<p>&#8211; Entrevista | Marco Aur\u00e9lio Filho fala sobre cria\u00e7\u00e3o do Dia S<\/p>\n<p><a href=\"https:\/\/fecomerciope-my.sharepoint.com\/:b:\/g\/personal\/comunicacao_fecomerciope_onmicrosoft_com\/EbcAnVd0YtRGlwsiq1Cdf0oBQgOQM_Hs9oshvpA7Vi6KCQ?e=qXav1d\" target=\"_blank\" rel=\"noopener\"><strong>Vers\u00e3o PDF<\/strong><\/a>[\/vc_column_text][\/vc_column][vc_column width=&#8221;1\/3&#8243;][vc_column_text]<\/p>\n<h3 style=\"padding-left: 30px;\"><strong>Mar\u00e7o-Abril | 2025<\/strong><\/h3>\n<h5 style=\"padding-left: 30px;\">Ano XIV &#8211; Edi\u00e7\u00e3o N\u00ba 080<\/h5>\n<p>[\/vc_column_text][vc_single_image image=&#8221;11347&#8243; img_size=&#8221;medium&#8221; alignment=&#8221;center&#8221;][vc_column_text]<\/p>\n<h2>Marisqueiras de Aver-o-mar conquistam pr\u00eamio em Berlim<\/h2>\n<p>&nbsp;<\/p>\n<p>E mais:<br \/>\n&#8211; Um Outro Olhar | Vin\u00edcola Vale das Colinas \u00e9 destaque em Garanhuns<\/p>\n<p>&#8211; Entrevista | Kaio Mani\u00e7oba destaca pontos fortes do turismo pernambucano<\/p>\n<p><a href=\"https:\/\/drive.google.com\/file\/d\/1dUVbVaBugYJjpbJxJDXUp7qSvzB7itb6\/view?usp=drive_link\" target=\"_blank\" rel=\"noopener\"><strong>Vers\u00e3o PDF<\/strong><\/a>[\/vc_column_text][\/vc_column][vc_column width=&#8221;1\/3&#8243;][vc_column_text]<\/p>\n<h3 style=\"padding-left: 30px;\"><strong>Janeiro-Fevereiro | 2025<\/strong><\/h3>\n<h5 style=\"padding-left: 30px;\">Ano XIV &#8211; Edi\u00e7\u00e3o N\u00ba 079<\/h5>\n<p>[\/vc_column_text][vc_single_image image=&#8221;11059&#8243; img_size=&#8221;medium&#8221; alignment=&#8221;center&#8221;][vc_column_text]<\/p>\n<h2>Guerreiros do Passo<\/h2>\n<p>Frevo e resist\u00eancia<\/p>\n<p>E mais:<br \/>\n&#8211; Hist\u00f3ria de Empreendedor | Para o estilista Marcelo Mendx, Carnaval \u00e9 folia de neg\u00f3cios<\/p>\n<p>&#8211; Um Outro Olhar | Ladeira, frevo e alegria: hist\u00f3rias por tr\u00e1s da folia<\/p>\n<p><a href=\"https:\/\/drive.google.com\/file\/d\/1Qa0_NzBocWY27ERvkypA4vmPwYPbRLPA\/view?usp=sharing\" target=\"_blank\" rel=\"noopener\"><strong>Vers\u00e3o PDF<\/strong><\/a>[\/vc_column_text][\/vc_column][\/vc_row][vc_row][vc_column][vc_column_text]<\/p>\n<h1>Informe Fecom\u00e9rcio-PE 2024<\/h1>\n<p>[\/vc_column_text][\/vc_column][\/vc_row][vc_row][vc_column width=&#8221;1\/3&#8243;][vc_column_text]<\/p>\n<h3 style=\"padding-left: 30px;\"><strong>Novembro-Dezembro | 2024<\/strong><\/h3>\n<h5 style=\"padding-left: 30px;\">Ano XIII &#8211; Edi\u00e7\u00e3o N\u00ba 078<\/h5>\n<p>[\/vc_column_text][vc_single_image image=&#8221;11004&#8243; img_size=&#8221;medium&#8221; alignment=&#8221;center&#8221;][vc_column_text]<\/p>\n<h2>Mestre Assis Calixto<\/h2>\n<p>70 anos na pisada do coco<\/p>\n<p>E mais:<\/p>\n<p>&#8211; Um outro olhar | 100 anos da Avenida Boa Viagem como s\u00edmbolo de lazer, urbaniza\u00e7\u00e3o e identidade recifense<\/p>\n<p>&#8211; Fecom\u00e9rcio e Voc\u00ea | Sesc Piedade reabre com estrutura renovada<\/p>\n<p><a href=\"https:\/\/fecomerciope-my.sharepoint.com\/:b:\/g\/personal\/nilo_monteiro_fecomerciope_onmicrosoft_com\/EYuhL-EgtkhMvG4i5EK8vKkBGPp4xFOVrpNW1awcP1k4KQ?e=uMbbO5\" target=\"_blank\" rel=\"noopener\"><strong>Vers\u00e3o PDF<\/strong><\/a>[\/vc_column_text][\/vc_column][vc_column width=&#8221;1\/3&#8243;][vc_column_text]<\/p>\n<h3 style=\"padding-left: 30px;\"><strong>Setembro-Outubro | 2024<\/strong><\/h3>\n<h5 style=\"padding-left: 30px;\">Ano XIII &#8211; Edi\u00e7\u00e3o N\u00ba 077<\/h5>\n<p>[\/vc_column_text][vc_single_image image=&#8221;10938&#8243; img_size=&#8221;medium&#8221; alignment=&#8221;center&#8221;][vc_column_text]<\/p>\n<h2>Travessias que carregam hist\u00f3ria<\/h2>\n<p>Muito mais do que estruturas que facilitam a mobilidade, as pontes do Recife ajudaram no desenvolvimento da cidade e fazem parte da identidade cultural da popula\u00e7\u00e3o<\/p>\n<p>E mais:<\/p>\n<p>&#8211; Fecom\u00e9rcio e Voc\u00ea | Alunos do Mediotec s\u00e3o destaque em competi\u00e7\u00e3o internacional<\/p>\n<p>&#8211; Fecom\u00e9rcio e Voc\u00ea | Debates com candidatos a prefeito do Recife, Olinda e Jaboat\u00e3o<\/p>\n<p><a href=\"https:\/\/fecomerciope-my.sharepoint.com\/:b:\/g\/personal\/comunicacao_fecomerciope_onmicrosoft_com\/EUMrCt3kpX9PiY0n2NXWq5EBjIcjSdpUW6xvqT7a5ztOlw?e=5l33Ad\" target=\"_blank\" rel=\"noopener\"><strong>Vers\u00e3o PDF<\/strong><\/a>[\/vc_column_text][\/vc_column][vc_column width=&#8221;1\/3&#8243;][vc_column_text]<\/p>\n<h3 style=\"padding-left: 30px;\"><strong>Julho-Agosto | 2024<\/strong><\/h3>\n<h5 style=\"padding-left: 30px;\">Ano XIII &#8211; Edi\u00e7\u00e3o N\u00ba 076<\/h5>\n<p>[\/vc_column_text][vc_single_image image=&#8221;10878&#8243; img_size=&#8221;medium&#8221; alignment=&#8221;center&#8221;][vc_column_text]<\/p>\n<h2>Esportes que transforma vidas<\/h2>\n<p>Conhe\u00e7a a hist\u00f3ria de Victor, Pedro, Matheus e Eduarda, atletas doSesc Pernambuco que se tornaram destaques em suas modalidades<\/p>\n<p>E mais:<\/p>\n<p>&#8211; Fecom\u00e9rcio e Voc\u00ea | Atua\u00e7\u00e3o em todo o Estado<\/p>\n<p>&#8211; Um outro olhar | Rua do Bom Jesus re\u00fane beleza e hist\u00f3ria<\/p>\n<p><a href=\"https:\/\/fecomerciope-my.sharepoint.com\/:b:\/g\/personal\/comunicacao_fecomerciope_onmicrosoft_com\/Ea8kxpSbyp9FmHrA-Ap-wYIB-mFNn77VTGb0Vmr3oqOtjw?e=BPL10I\" target=\"_blank\" rel=\"noopener\"><strong>Vers\u00e3o PDF<\/strong><\/a>[\/vc_column_text][\/vc_column][\/vc_row][vc_row][vc_column width=&#8221;1\/3&#8243;][vc_column_text]<\/p>\n<h3 style=\"padding-left: 30px;\"><strong>Maio-Junho | 2024<\/strong><\/h3>\n<h5 style=\"padding-left: 30px;\">Ano XIII &#8211; Edi\u00e7\u00e3o N\u00ba 075<\/h5>\n<p>[\/vc_column_text][vc_single_image image=&#8221;10589&#8243; img_size=&#8221;medium&#8221; alignment=&#8221;center&#8221;][vc_column_text]<\/p>\n<h2>Portas Abertas para a educa\u00e7\u00e3o<\/h2>\n<p>Senac inaugura Centro de Educa\u00e7\u00e3o Profissional no Sert\u00e3o de Itaparica, Moxot\u00f3, Paje\u00fa e Central e vai atender 35 cidades.<\/p>\n<p>E mais:<\/p>\n<p>&#8211; Fecom\u00e9rcio e Voc\u00ea | Fecom\u00e9rcio participa da Feira do Empreendedor 2024<\/p>\n<p>&#8211; Pense Positiva |Trabalho h\u00edbrido conquista profissionais<\/p>\n<p>&nbsp;<\/p>\n<p><a href=\"https:\/\/www.fecomercio-pe.com.br\/download\/IF-Mai-Jun-PDF-2024.pdf\" target=\"_blank\" rel=\"noopener\"><strong>Vers\u00e3o PDF<\/strong><\/a>[\/vc_column_text][\/vc_column][vc_column width=&#8221;1\/3&#8243;][vc_column_text]<\/p>\n<h3 style=\"padding-left: 30px;\"><strong>Mar\u00e7o-Abril | 2024<\/strong><\/h3>\n<h5 style=\"padding-left: 30px;\">Ano XIII &#8211; Edi\u00e7\u00e3o N\u00ba 074<\/h5>\n<p>[\/vc_column_text][vc_single_image image=&#8221;10314&#8243; img_size=&#8221;medium&#8221; alignment=&#8221;center&#8221;][vc_column_text]<\/p>\n<h2>Deusa do Mar Lia de Itamarac\u00e1<\/h2>\n<p>Lia de Itamarac\u00e1 compartilha sua hist\u00f3ria e sonhos.<\/p>\n<p>E mais:<\/p>\n<p>&#8211; Fecom\u00e9rcio e Voc\u00ea | Fecom\u00e9rcio participa de eventos internacionais<\/p>\n<p>&#8211; Um novo olhar | Cais do Sert\u00e3o ressalta vida sertaneja<\/p>\n<h3><a href=\"https:\/\/www.fecomercio-pe.com.br\/download\/IF-Mar-Abr-2024.pdf\" target=\"_blank\" rel=\"noopener\">Vers\u00e3oPDF\u00a0<\/a><\/h3>\n<p>[\/vc_column_text][\/vc_column][vc_column width=&#8221;1\/3&#8243;][vc_column_text]<\/p>\n<h3 style=\"padding-left: 30px;\"><strong>Janeiro-Fevereiro | 2024<\/strong><\/h3>\n<h5 style=\"padding-left: 30px;\">Ano XIII &#8211; Edi\u00e7\u00e3o N\u00ba 073<\/h5>\n<p>[\/vc_column_text][vc_single_image image=&#8221;10189&#8243; img_size=&#8221;medium&#8221; alignment=&#8221;center&#8221;][vc_column_text]<\/p>\n<h2>Diversidade<\/h2>\n<p>Em Pernambuco,empresas das mais diversas \u00e1reas v\u00eam adotando pr\u00e1ticas para integrar diferentes perfis nas equipes<\/p>\n<p>E mais:<\/p>\n<p>&#8211; Um novo olhar |Belezas e atrativos do Morro da Concei\u00e7\u00e3o<\/p>\n<p>&#8211; Fecom\u00e9rcio e Voc\u00ea | Mais qualifica\u00e7\u00e3o no setor da sa\u00fade<\/p>\n<h3><a href=\"https:\/\/www.fecomercio-pe.com.br\/download\/IF-Jan-Fev-2024.pdf\" target=\"_blank\" rel=\"noopener\">Vers\u00e3oPDF\u00a0<\/a><\/h3>\n<p>[\/vc_column_text][\/vc_column][\/vc_row][vc_row][vc_column][vc_column_text]<\/p>\n<h1>Informe Fecom\u00e9rcio-PE 2023<\/h1>\n<p>[\/vc_column_text][\/vc_column][\/vc_row][vc_row][vc_column width=&#8221;1\/3&#8243;][vc_column_text]<\/p>\n<h3 style=\"padding-left: 30px;\"><strong>Novembro-Dezembro | 2023<\/strong><\/h3>\n<h5 style=\"padding-left: 30px;\">Ano XII &#8211; Edi\u00e7\u00e3o N\u00ba 072<\/h5>\n<p>[\/vc_column_text][vc_single_image image=&#8221;10088&#8243; img_size=&#8221;medium&#8221; alignment=&#8221;center&#8221;][vc_column_text]<\/p>\n<h2>F\u00f3runs de Debates conquistam pernambuco<\/h2>\n<p>E mais:<\/p>\n<p>&#8211; Fique por Dentro| Contabilidade \u00e9 a chave do sucesso das empresas<\/p>\n<p>&#8211; Fecomercio e Voc\u00ea | DEL Turismo aposta em Pernambuco para clientes<\/p>\n<h3><a href=\"https:\/\/www.fecomercio-pe.com.br\/download\/IF-Nov-Dez-PDF-2023.pdf\" target=\"_blank\" rel=\"noopener\">Vers\u00e3oPDF\u00a0<\/a><\/h3>\n<p>[\/vc_column_text][\/vc_column][vc_column width=&#8221;1\/3&#8243;][vc_column_text]<\/p>\n<h3 style=\"padding-left: 30px;\"><strong>Setembro-Outubro | 2023<\/strong><\/h3>\n<h5 style=\"padding-left: 30px;\">Ano XII &#8211; Edi\u00e7\u00e3o N\u00ba 071<\/h5>\n<p>[\/vc_column_text][vc_single_image image=&#8221;9902&#8243; img_size=&#8221;medium&#8221; alignment=&#8221;center&#8221;][vc_column_text]<\/p>\n<h2>Longeviver \u00e9 preciso<\/h2>\n<p>E mais:<\/p>\n<p>&#8211; Em Atualiza\u00e7\u00e3o| Cite reuniu mais de 3.300 pessoas<\/p>\n<p>&#8211; Fecomercio e Voc\u00ea | Prints \u00e9 apresentado no Rio Innovation Week<\/p>\n<h3><a href=\"https:\/\/www.fecomercio-pe.com.br\/download\/IF-Set-Out-2023.pdf\" target=\"_blank\" rel=\"noopener\">Vers\u00e3oPDF\u00a0<\/a><\/h3>\n<p>[\/vc_column_text][\/vc_column][vc_column width=&#8221;1\/3&#8243;][vc_column_text]<\/p>\n<h3 style=\"padding-left: 30px;\"><strong>Julho-Agosto | 2023<\/strong><\/h3>\n<h5 style=\"padding-left: 30px;\">Ano XII &#8211; Edi\u00e7\u00e3o N\u00ba 070<\/h5>\n<p>[\/vc_column_text][vc_single_image image=&#8221;9800&#8243; img_size=&#8221;medium&#8221; alignment=&#8221;center&#8221;][vc_column_text]<\/p>\n<h2>Nova sede da Fecom\u00e9rcio-PE est\u00e1 de portas abertas para o futuro<\/h2>\n<p>E mais:<\/p>\n<p>&#8211; Com Foco em Voc\u00ea | Imunidade em alta<\/p>\n<p>&#8211; Entrevista | Ouvir para agir \u00e9 estrat\u00e9gia do prefeito do Recife, Jo\u00e3o Campos<\/p>\n<h3><a href=\"https:\/\/www.fecomercio-pe.com.br\/download\/IF-Jul-Ago-2023.pdf\" target=\"_blank\" rel=\"noopener\">Vers\u00e3oPDF\u00a0<\/a><\/h3>\n<p>[\/vc_column_text][\/vc_column][\/vc_row][vc_row][vc_column width=&#8221;1\/3&#8243;][vc_column_text]<\/p>\n<h3 style=\"padding-left: 30px;\"><strong>Maio-Junho | 2023<\/strong><\/h3>\n<h5 style=\"padding-left: 30px;\">Ano XII &#8211; Edi\u00e7\u00e3o N\u00ba 069<\/h5>\n<p>[\/vc_column_text][vc_single_image image=&#8221;9618&#8243; img_size=&#8221;medium&#8221; alignment=&#8221;center&#8221;][vc_column_text]<\/p>\n<h2>O panorama feminino no mercado da cerveja<\/h2>\n<p>De profissionais a apreciadoras, as mulheres ganham espa\u00e7o na cervejaria brasileira<\/p>\n<p>E mais:<\/p>\n<p>&#8211; Fecom\u00e9rcio e Voc\u00ea | Uni\u00e3o em prol do Sesc e Senac<\/p>\n<p>&#8211; Pense Positivo | Ado\u00e7\u00e3o de pets \u00e9 tudo de bom<\/p>\n<h3><a href=\"https:\/\/www.fecomercio-pe.com.br\/download\/IF-Mai-Jun-2023.pdf\" target=\"_blank\" rel=\"noopener\">Vers\u00e3oPDF\u00a0<\/a><\/h3>\n<p>[\/vc_column_text][\/vc_column][vc_column width=&#8221;1\/3&#8243;][vc_column_text]<\/p>\n<h3 style=\"padding-left: 30px;\"><strong>Mar\u00e7o &#8211; Abril | 2023<\/strong><\/h3>\n<h5 style=\"padding-left: 30px;\">Ano XII &#8211; Edi\u00e7\u00e3o N\u00ba 068<\/h5>\n<p>[\/vc_column_text][vc_single_image image=&#8221;9530&#8243; img_size=&#8221;medium&#8221; alignment=&#8221;center&#8221;][vc_column_text]<\/p>\n<h2>Alerta aos golpes nas compras on-line<\/h2>\n<p>Troca de produtos eletr\u00f4nicos por um item de valor inferior entrou em pauta pela quantidade de casos em um curto per\u00edodo de tempo<\/p>\n<p>E mais:<\/p>\n<p>&#8211; Pense Positivo | Um banho de dignidade<\/p>\n<p>&#8211; Entrevista | Palha\u00e7o Chocolate \u00e9 alegria e arte<\/p>\n<p>&nbsp;<\/p>\n<h3><a href=\"https:\/\/www.fecomercio-pe.com.br\/download\/IF-Mar-Abr-2023.pdf\" target=\"_blank\" rel=\"noopener\">Vers\u00e3oPDF\u00a0<\/a><\/h3>\n<p>[\/vc_column_text][\/vc_column][vc_column width=&#8221;1\/3&#8243;][vc_column_text]<\/p>\n<h3 style=\"padding-left: 30px;\"><strong>Janeiro &#8211; Fevereiro | 2023<\/strong><\/h3>\n<h5 style=\"padding-left: 30px;\">Ano XII &#8211; Edi\u00e7\u00e3o N\u00ba 067<\/h5>\n<p>[\/vc_column_text][vc_single_image image=&#8221;9420&#8243; img_size=&#8221;medium&#8221; alignment=&#8221;center&#8221;][vc_column_text]<\/p>\n<h2>Sem gl\u00faten e sem leite<\/h2>\n<p>Consideradas por muitos vil\u00e3s da vida fitness,as subst\u00e2ncias representam um real perigo para pessoas que possuem intoler\u00e2ncias e alergias<\/p>\n<p>E mais:<\/p>\n<p>&#8211; Divirta-se | Parques aqu\u00e1ticos agradam toda a fam\u00edlia<\/p>\n<p>&#8211; Seu Dinheiro | Criptomoedas s\u00e3o op\u00e7\u00e3o de investimento<\/p>\n<h3><a href=\"https:\/\/www.fecomercio-pe.com.br\/download\/IF-Jan-Fev-2023.pdf\" target=\"_blank\" rel=\"noopener\">Vers\u00e3oPDF\u00a0<\/a><\/h3>\n<p>[\/vc_column_text][\/vc_column][\/vc_row][vc_row][vc_column][\/vc_column][\/vc_row][vc_row][vc_column][vc_column_text]<\/p>\n<h1>Informe Fecom\u00e9rcio-PE 2022<\/h1>\n<p>[\/vc_column_text][\/vc_column][\/vc_row][vc_row][vc_column width=&#8221;1\/3&#8243;][vc_column_text]<\/p>\n<h3 style=\"padding-left: 30px;\"><strong>Novembro &#8211; Dezembro | 2022<\/strong><\/h3>\n<h5 style=\"padding-left: 30px;\">Ano XI &#8211; Edi\u00e7\u00e3o N\u00ba 066<\/h5>\n<p>[\/vc_column_text][vc_single_image image=&#8221;9263&#8243; img_size=&#8221;medium&#8221; alignment=&#8221;center&#8221;][vc_column_text]<\/p>\n<h2>Hotel Sesc Guadalupe: de portas abertas para o desenvolvimento<\/h2>\n<p>Primeiro hotel do Sesc no litoral, o empreendimento \u00e9 a materializa\u00e7\u00e3o da vis\u00e3o do professor Josias para o potencial tur\u00edstico da regi\u00e3o. O setor experimenta fortes perspectivas de crescimento<\/p>\n<p>E mais:<\/p>\n<p>&#8211; De Folga | Rio Capibaribe \u00e9 ponto de encontro<\/p>\n<p>&#8211; Fecom\u00e9rcio e voc\u00ea | Mais praticidade para condutores<\/p>\n<h3><a href=\"https:\/\/fecomercio-pe.com.br\/download\/IF-Nov-Dez-2022.pdf\" target=\"_blank\" rel=\"noopener\">Vers\u00e3oPDF\u00a0<\/a><\/h3>\n<p>[\/vc_column_text][\/vc_column][vc_column width=&#8221;1\/3&#8243;][vc_column_text]<\/p>\n<h3 style=\"padding-left: 30px;\"><strong>Setembro-Outubro | 2022<\/strong><\/h3>\n<h5 style=\"padding-left: 30px;\">Ano XI &#8211; Edi\u00e7\u00e3o N\u00ba 065<\/h5>\n<p>[\/vc_column_text][vc_single_image image=&#8221;9229&#8243; img_size=&#8221;medium&#8221; alignment=&#8221;center&#8221;][vc_column_text]<\/p>\n<h2>80 anos de representatividade e presta\u00e7\u00e3o de servi\u00e7os<\/h2>\n<p>A Fecom\u00e9rcio-PE completa oito d\u00e9cadas com a vitalidade de quem se reinventa para se tornar cada vez mais essencial<\/p>\n<p>E mais:<\/p>\n<p>&#8211; Ao Seu Dispor | Banco de Alimentos completa 20 anos<\/p>\n<p>&#8211; Entrevista | Antonio N\u00f3brega festeja 50 anos de carreira<\/p>\n<h3><a href=\"http:\/\/www.fecomercio-pe.com.br\/download\/IF-Set-Out-2022.pdf\" target=\"_blank\" rel=\"noopener\">Vers\u00e3oPDF\u00a0<\/a><\/h3>\n<p>[\/vc_column_text][\/vc_column][vc_column width=&#8221;1\/3&#8243;][vc_column_text]<\/p>\n<h3 style=\"padding-left: 30px;\"><strong>Julho-Agosto | 2022<\/strong><\/h3>\n<h5 style=\"padding-left: 30px;\">Ano XI &#8211; Edi\u00e7\u00e3o N\u00ba 064<\/h5>\n<p>[\/vc_column_text][vc_single_image image=&#8221;9107&#8243; img_size=&#8221;medium&#8221; alignment=&#8221;center&#8221;][vc_column_text]<\/p>\n<h2>Moda com prop\u00f3sito<\/h2>\n<p>Como a moda autoral revoluciona as formas de consumir e preservar o meio ambiente<\/p>\n<p>E mais:<\/p>\n<p>&#8211; Artigo | Tania Bacelar fala sobre economia de Pernambuco<\/p>\n<p>&#8211; Entrevista | Jean Turet \u00e9 Jovem Pesquisador do Ano de 2022<\/p>\n<h3><a href=\"http:\/\/www.fecomercio-pe.com.br\/download\/IF-Jul-Ago-EPUB-2022.epub\" target=\"_blank\" rel=\"noopener\"><strong>Vers\u00e3o EPUB<\/strong><\/a>\u00a0|\u00a0<a href=\"http:\/\/www.fecomercio-pe.com.br\/download\/IF-Jul-Ago-PDF-2022.pdf\" target=\"_blank\" rel=\"noopener\">Vers\u00e3oPDF<\/a><\/h3>\n<p>[\/vc_column_text][\/vc_column][\/vc_row][vc_row][vc_column width=&#8221;1\/3&#8243;][vc_column_text]<\/p>\n<h3 style=\"padding-left: 30px;\"><strong>Maio-Junho | 2022<\/strong><\/h3>\n<h5 style=\"padding-left: 30px;\">Ano XI &#8211; Edi\u00e7\u00e3o N\u00ba 063<\/h5>\n<p>[\/vc_column_text][vc_single_image image=&#8221;8974&#8243; img_size=&#8221;medium&#8221; alignment=&#8221;center&#8221;][vc_column_text]<\/p>\n<h2>Magia de Serra Negra<\/h2>\n<p>Pequena vila localizada em Bezerros atrai turistas por clima ameno, belezas naturais e tranquilidade<\/p>\n<p>E mais:<\/p>\n<p>&#8211; Fecom\u00e9rcio e Voc\u00ea | Solidaridade e a\u00e7\u00e3o em prol dos desabrigados pelas chuvas<\/p>\n<p>&#8211; Entrevista | Bernardo Peixoto avalia gest\u00e3o<\/p>\n<h3><a href=\"http:\/\/www.fecomercio-pe.com.br\/download\/IF-Mai-Jun-PDF-2022.epub\"><strong>Vers\u00e3o EPUB<\/strong><\/a>\u00a0|\u00a0<a href=\"http:\/\/www.fecomercio-pe.com.br\/download\/IF-Mai-Jun-PDF-2022.pdf\">Vers\u00e3oPDF<\/a><\/h3>\n<p>[\/vc_column_text][\/vc_column][vc_column width=&#8221;1\/3&#8243;][vc_column_text]<\/p>\n<h3 style=\"padding-left: 30px;\"><strong>Mar\u00e7o &#8211; Abril | 2022<\/strong><\/h3>\n<h5 style=\"padding-left: 30px;\">Ano XI &#8211; Edi\u00e7\u00e3o N\u00ba 062<\/h5>\n<p>[\/vc_column_text][vc_single_image image=&#8221;8887&#8243; img_size=&#8221;medium&#8221; alignment=&#8221;center&#8221;][vc_column_text]<\/p>\n<h2>Sesc chega aos 75 anos com comemora\u00e7\u00e3o e expans\u00f5es<\/h2>\n<p>Ano j\u00e1 est\u00e1 sendo celebrado com homenagens p\u00fablicas, atividades e inaugura\u00e7\u00e3o de espa\u00e7os em Pernambuco<\/p>\n<p>E mais:<\/p>\n<p>&#8211; Entrevista | Marcos Baptista e o Plano Recife 500 Anos<\/p>\n<p>&#8211; Fecom\u00e9rcio e Voc\u00ea | Reconhecimento em forma de t\u00edtulos de cidad\u00e3o<\/p>\n<h3><a href=\"http:\/\/www.fecomercio-pe.com.br\/download\/IF-Mar-Abr-EPUB-2022.epub\" target=\"_blank\" rel=\"noopener\"><strong>Vers\u00e3o EPUB<\/strong><\/a>\u00a0|\u00a0<a href=\"http:\/\/www.fecomercio-pe.com.br\/download\/IF-Mar-Abr-2022.pdf\" target=\"_blank\" rel=\"noopener\">Vers\u00e3oPDF<\/a><\/h3>\n<p>[\/vc_column_text][\/vc_column][vc_column width=&#8221;1\/3&#8243;][vc_column_text]<\/p>\n<h3 style=\"padding-left: 30px;\"><strong>Janeiro-Fevereiro | 2022<\/strong><\/h3>\n<h5 style=\"padding-left: 30px;\">Ano XI &#8211; Edi\u00e7\u00e3o N\u00ba 061<\/h5>\n<p>[\/vc_column_text][vc_single_image image=&#8221;8740&#8243; img_size=&#8221;medium&#8221; alignment=&#8221;center&#8221;][vc_column_text]<\/p>\n<h2>No ritmo da dan\u00e7a<\/h2>\n<p>Muito mais do que uma atividade f\u00edsica, a dan\u00e7a promove ainda intera\u00e7\u00e3o social, melhora a coordena\u00e7\u00e3o motora, al\u00e9m de impactar na autoconfian\u00e7a<\/p>\n<p>E mais:<\/p>\n<p>&#8211; Ao Seu Dispor | Bem-estar \u00e9 destaque no Sesc Santa Rita<\/p>\n<p>&#8211; Com Gosto de Saber | Qualifica\u00e7\u00e3o de empresas para exporta\u00e7\u00e3o<\/p>\n<h3><a href=\"https:\/\/www.fecomercio-pe.com.br\/download\/IF-Jan-Fev-2022.epub\" target=\"_blank\" rel=\"noopener\"><strong>Vers\u00e3o EPUB<\/strong><\/a>\u00a0|\u00a0<a href=\"https:\/\/www.fecomercio-pe.com.br\/download\/IF-Jan-Fev-2022.pdf\" target=\"_blank\" rel=\"noopener\">Vers\u00e3oPDF<\/a><\/h3>\n<p>[\/vc_column_text][\/vc_column][\/vc_row][vc_row][vc_column][vc_column_text]<\/p>\n<h1>Informe Fecom\u00e9rcio-PE 2021<\/h1>\n<p>[\/vc_column_text][\/vc_column][\/vc_row][vc_row][vc_column width=&#8221;1\/3&#8243;][vc_column_text]<\/p>\n<h3 style=\"padding-left: 30px;\"><strong>Janeiro-Fevereiro | 2021<\/strong><\/h3>\n<h5 style=\"padding-left: 30px;\">Ano X &#8211; Edi\u00e7\u00e3o N\u00ba 055<\/h5>\n<p>[\/vc_column_text][vc_single_image image=&#8221;8018&#8243; img_size=&#8221;medium&#8221; alignment=&#8221;center&#8221;][vc_column_text]<\/p>\n<h2>Farm\u00e1cias no combate \u00e0 Covid-19<\/h2>\n<p>Of\u00edcio do Sincofarma-PE enviado \u00e0 Secretaria de Sa\u00fade do Recife sugere a disponibiliza\u00e7\u00e3o dos estabelecimentos farmac\u00eauticos como postos de vacina\u00e7\u00e3o<\/p>\n<p>E mais:<\/p>\n<p>&#8211; No Mundo | Podcasts conquistam p\u00fablico e se tornam tend\u00eancia<\/p>\n<p>&#8211; Entrevista | Rodrigo Novaes faz balan\u00e7o do Carnaval e fala sobre perspectivas para o turismo<\/p>\n<h3><a href=\"http:\/\/www.fecomercio-pe.com.br\/download\/IF-Jan-Fev-EPUB-2021.epub\">Vers\u00e3o EPUB<\/a> |\u00a0<a href=\"http:\/\/www.fecomercio-pe.com.br\/download\/IF-Jan-Fev-PDF-2021.pdf\" target=\"_blank\" rel=\"noopener\">Vers\u00e3oPDF<\/a><\/h3>\n<p>[\/vc_column_text][\/vc_column][vc_column width=&#8221;1\/3&#8243;][vc_column_text]<\/p>\n<h3 style=\"padding-left: 30px;\"><strong>Mar\u00e7o-Abril | 2021<\/strong><\/h3>\n<h5 style=\"padding-left: 30px;\">Ano X &#8211; Edi\u00e7\u00e3o N\u00ba 056<\/h5>\n<p>[\/vc_column_text][vc_single_image image=&#8221;8226&#8243; img_size=&#8221;medium&#8221; alignment=&#8221;center&#8221;][vc_column_text]<\/p>\n<h2>Para mexer o corpo<\/h2>\n<p>Apontados como tend\u00eancia em 2021, os exerc\u00edcios on-line de diferentes modalidades ganham adeptos durante a pandemia<\/p>\n<p>E mais:<\/p>\n<p>&#8211; Fecom\u00e9rcio e Voc\u00ea | Canal de comunica\u00e7\u00e3o aberto entre governo e setores produtivos<\/p>\n<p>&#8211; De Folga | Leitura \u00e9 h\u00e1bito que cresceu durante pandemia<\/p>\n<h3><a href=\"https:\/\/www.fecomercio-pe.com.br\/download\/IF-Abr-Mai-EPUB-2021.epub\">Vers\u00e3o EPUB<\/a> |\u00a0<a href=\"http:\/\/fecomercio-pe.com.br\/site\/wp-content\/uploads\/2021\/05\/IF-Mar-Abr-2021-peq.pdf\" target=\"_blank\" rel=\"noopener\">Vers\u00e3oPDF<\/a><\/h3>\n<p>[\/vc_column_text][\/vc_column][vc_column width=&#8221;1\/3&#8243;][vc_column_text]<\/p>\n<h3 style=\"padding-left: 30px;\"><strong>Maio-Junho | 2021<\/strong><\/h3>\n<h5 style=\"padding-left: 30px;\">Ano X &#8211; Edi\u00e7\u00e3o N\u00ba 057<\/h5>\n<p>[\/vc_column_text][vc_single_image image=&#8221;8404&#8243; img_size=&#8221;medium&#8221; alignment=&#8221;center&#8221;][vc_column_text]<\/p>\n<h2>Como a arte salva do caos?<\/h2>\n<p>Hist\u00f3rias de quem encontrou na arte um ref\u00fagio, uma paix\u00e3o ou at\u00e9 mesmo<br \/>\num novo trabalho durante a pandemia<\/p>\n<p>E mais:<\/p>\n<p>&#8211; No Mundo | Cuidado constante, pele radiante<\/p>\n<p>&#8211; Fecom\u00e9rcio e voc\u00ea | Eventos virtuais para estar sempre junto<\/p>\n<h3><a href=\"https:\/\/www.fecomercio-pe.com.br\/download\/IF-Mai-Jun-PDF-2021.epub\" target=\"_blank\" rel=\"noopener\"><strong>Vers\u00e3o EPUB<\/strong><\/a>\u00a0|\u00a0<a href=\"http:\/\/fecomercio-pe.com.br\/site\/wp-content\/uploads\/2021\/08\/Informe-Fecomercio-MaiJun-2021.pdf\" target=\"_blank\" rel=\"noopener\">Vers\u00e3oPDF<\/a><\/h3>\n<p>[\/vc_column_text][\/vc_column][\/vc_row][vc_row][vc_column width=&#8221;1\/3&#8243;][vc_column_text]<\/p>\n<h3 style=\"padding-left: 30px;\"><strong>Julho-Agosto | 2021<\/strong><\/h3>\n<h5 style=\"padding-left: 30px;\">Ano X &#8211; Edi\u00e7\u00e3o N\u00ba 058<\/h5>\n<p>[\/vc_column_text][vc_single_image image=&#8221;8471&#8243; img_size=&#8221;medium&#8221; alignment=&#8221;center&#8221;][vc_column_text]<\/p>\n<h2>Sert\u00e3o \u00e9 terra f\u00e9rtil para economia do estado<\/h2>\n<p>A potencialidade do Sert\u00e3o de Pernambuco \u00e9 destaque no estudo in\u00e9dito \u201cUm olhar para os investimentos e oportunidades de Serra Talhada e entorno\u201d, realizado pelo Instituto Fecom\u00e9rcio-PE em parceria com o Sebrae-PE e a Ceplan<\/p>\n<p>E mais:<\/p>\n<p>&#8211; Neg\u00f3cios em Alta | Casa mais verde<\/p>\n<p>&#8211; Entrevista| Professor Jos\u00e9 Pacheco e a educa\u00e7\u00e3o por outra perspectiva<\/p>\n<h3><a href=\"https:\/\/www.fecomercio-pe.com.br\/download\/IF-Jul-Ago-EPUB-2021.epub\" target=\"_blank\" rel=\"noopener\"><strong>Vers\u00e3o EPUB<\/strong><\/a>\u00a0|\u00a0<a href=\"http:\/\/fecomercio-pe.com.br\/site\/wp-content\/uploads\/2021\/10\/IF-Jul-Ago-2021.pdf\" target=\"_blank\" rel=\"noopener\">Vers\u00e3oPDF<\/a><\/h3>\n<p>[\/vc_column_text][\/vc_column][vc_column width=&#8221;1\/3&#8243;][vc_column_text]<\/p>\n<h3 style=\"padding-left: 30px;\"><strong>Setembro-Outubro | 2021<\/strong><\/h3>\n<h5 style=\"padding-left: 30px;\">Ano X &#8211; Edi\u00e7\u00e3o N\u00ba 059<\/h5>\n<p>[\/vc_column_text][vc_single_image image=&#8221;8638&#8243; img_size=&#8221;medium&#8221; alignment=&#8221;center&#8221;][vc_column_text]<\/p>\n<h2>Um show de AUdi\u00eancia<\/h2>\n<p>Pet influencers s\u00e3o destaque nas redes sociais por alto n\u00edvel de engajamento. Com conte\u00fado<br \/>\nleve e acolhedor, segmento registrou crescimento acentuado durante a pandemia<\/p>\n<p>E mais:<\/p>\n<p>&#8211; Ao seu dispor | 20 anos do Banco de Alimentos<\/p>\n<p>&#8211; De folga| Usina de Arte \u00e9 roteiro cultural na Mata Sul<\/p>\n<h3><a href=\"https:\/\/www.fecomercio-pe.com.br\/download\/IF-Set-Out-2021.epub\" target=\"_blank\" rel=\"noopener\"><strong>Vers\u00e3o EPUB<\/strong><\/a>\u00a0|\u00a0<a href=\"https:\/\/www.fecomercio-pe.com.br\/download\/IF-Set-Out-2021.pdf\" target=\"_blank\" rel=\"noopener\">Vers\u00e3oPDF<\/a><\/h3>\n<p>[\/vc_column_text][\/vc_column][vc_column width=&#8221;1\/3&#8243;][vc_column_text]<\/p>\n<h3 style=\"padding-left: 30px;\"><strong>Novembro-Dezembro | 2021<\/strong><\/h3>\n<h5 style=\"padding-left: 30px;\">Ano X &#8211; Edi\u00e7\u00e3o N\u00ba 060<\/h5>\n<p>[\/vc_column_text][vc_single_image image=&#8221;8652&#8243; img_size=&#8221;medium&#8221; alignment=&#8221;center&#8221;][vc_column_text]<\/p>\n<h2>75 anos fazendo hist\u00f3rias<\/h2>\n<p>&nbsp;<\/p>\n<p>E mais:<\/p>\n<p>&#8211; Neg\u00f3cios em Alta | Litoral Sul recebe investimentos<\/p>\n<p>&#8211; Entrevista| Cientista pol\u00edtico S\u00e9rgio Ferraz destaca a<br \/>\nimport\u00e2ncia de participar ativamente das elei\u00e7\u00f5es<\/p>\n<h3><a href=\"https:\/\/www.fecomercio-pe.com.br\/download\/IF-Nov-Dez-2021.epub\" target=\"_blank\" rel=\"noopener\"><strong>Vers\u00e3o EPUB<\/strong><\/a>\u00a0|\u00a0<a href=\"https:\/\/www.fecomercio-pe.com.br\/download\/IF-Nov-Dez-2021.pdf\" target=\"_blank\" rel=\"noopener\">Vers\u00e3oPDF<\/a><\/h3>\n<p>[\/vc_column_text][\/vc_column][\/vc_row][vc_row][vc_column][vc_column_text]<\/p>\n<h1>Informe Fecom\u00e9rcio-PE 2020<\/h1>\n<p>[\/vc_column_text][\/vc_column][\/vc_row][vc_row][vc_column width=&#8221;1\/3&#8243;][vc_column_text]<\/p>\n<h3 style=\"padding-left: 30px;\"><strong>Janeiro\u00a0&#8211; Fevereiro\u00a0de 2020<\/strong><\/h3>\n<h5 style=\"padding-left: 30px;\">Ano IX &#8211; Edi\u00e7\u00e3o N\u00ba 049<\/h5>\n<p>[\/vc_column_text][vc_single_image image=&#8221;6961&#8243; img_size=&#8221;medium&#8221; alignment=&#8221;center&#8221;][vc_column_text]<\/p>\n<h2>O som que pulsa aqui<\/h2>\n<p>Passeando por diversos ritmos, Pernambuco se destaca como um celeiro de produ\u00e7\u00f5es e forma\u00e7\u00e3o musical.<\/p>\n<p>E mais:<br \/>\n&#8211; Econom\u00eas |\u00a0Oportunidade de Ser Progressivo<br \/>\n&#8211; Gest\u00e3o Inovadora | Uni\u00e3o, praticidade e organiza\u00e7\u00e3o definem o Sincofarma-PE<\/p>\n<h3><a href=\"http:\/\/fecomercio-pe.com.br\/download\/Informe-Fecomercio-PE-Fev-2020.epub\">Vers\u00e3o EPUB<\/a> |\u00a0<a href=\"http:\/\/fecomercio-pe.com.br\/site\/wp-content\/uploads\/2020\/03\/IF-Jan-Fev-Pequena.pdf\" target=\"_blank\" rel=\"noopener\">Vers\u00e3oPDF<\/a><\/h3>\n<p>[\/vc_column_text][\/vc_column][vc_column width=&#8221;1\/3&#8243;][vc_column_text]<\/p>\n<h3 style=\"padding-left: 30px;\"><strong>Mar\u00e7o &#8211; Abril de 2020<\/strong><\/h3>\n<h5 style=\"padding-left: 30px;\">Ano IX &#8211; Edi\u00e7\u00e3o N\u00ba 050<\/h5>\n<p>[\/vc_column_text][vc_single_image image=&#8221;7267&#8243; img_size=&#8221;medium&#8221; alignment=&#8221;center&#8221;][vc_column_text]<\/p>\n<h2>Viagem ao universo l\u00fadico<\/h2>\n<p>Jogos de tabuleiro:divers\u00e3o e intera\u00e7\u00e3o para todas as idades<\/p>\n<p>E mais:<\/p>\n<p>&#8211; Com Gosto de Saber | Covid-19: desafio para a educa\u00e7\u00e3o<\/p>\n<p>&#8211; Entrevista | Bernardo Peixoto fala sobre a\u00e7\u00f5es do Sistema Fecom\u00e9rcio em meio \u00e0 pandemia<\/p>\n<h3><a href=\"http:\/\/fecomercio-pe.com.br\/download\/Informe-Fecomercio-PE-Mar-2020.epub\" target=\"_blank\" rel=\"noopener\">Vers\u00e3o EPUB<\/a> |\u00a0<a href=\"http:\/\/fecomercio-pe.com.br\/site\/wp-content\/uploads\/2020\/06\/IF-Mar-Abr-2020.pdf\" target=\"_blank\" rel=\"noopener\">Vers\u00e3oPDF<\/a><\/h3>\n<p>[\/vc_column_text][\/vc_column][vc_column width=&#8221;1\/3&#8243;][vc_column_text]<\/p>\n<h3 style=\"padding-left: 30px;\"><strong>Maio &#8211; Junho de 2020<\/strong><\/h3>\n<h5 style=\"padding-left: 30px;\">Ano IX &#8211; Edi\u00e7\u00e3o N\u00ba 051<\/h5>\n<p>[\/vc_column_text][vc_single_image image=&#8221;7412&#8243; img_size=&#8221;medium&#8221; alignment=&#8221;center&#8221;][vc_column_text]<\/p>\n<h2>Sistema Fecom\u00e9rcio-PE contra a Covid-19<\/h2>\n<p>Fecom\u00e9rcio investe em a\u00e7\u00f5es para ajudar popula\u00e7\u00e3o durante pandemia<\/p>\n<p>E mais:<\/p>\n<p>&#8211; Cr\u00e9dito | Comiss\u00e3o de Cr\u00e9dito da Fecom\u00e9rcio intermedeia processos para aquisi\u00e7\u00e3o de aux\u00edlio financeiro<\/p>\n<p>&#8211; Entrevista | S\u00edlvio Meira fala sobre novo normal e faz proje\u00e7\u00f5es sobre poss\u00edveis futuros<\/p>\n<h3><a href=\"http:\/\/fecomercio-pe.com.br\/download\/Informe-Fecomercio-PE-Mai-2020.epub\" target=\"_blank\" rel=\"noopener\">Vers\u00e3o EPUB<\/a> |\u00a0<a href=\"http:\/\/fecomercio-pe.com.br\/site\/wp-content\/uploads\/2020\/07\/IF-Mai-Jun-2020.pdf\" target=\"_blank\" rel=\"noopener\">Vers\u00e3oPDF<\/a><\/h3>\n<p>[\/vc_column_text][\/vc_column][\/vc_row][vc_row][vc_column width=&#8221;1\/3&#8243;][vc_column_text]<\/p>\n<h3 style=\"padding-left: 30px;\"><strong>Julho &#8211; Agosto de 2020<\/strong><\/h3>\n<h5 style=\"padding-left: 30px;\">Ano IX &#8211; Edi\u00e7\u00e3o N\u00ba 052<\/h5>\n<p>[\/vc_column_text][vc_single_image image=&#8221;7587&#8243; img_size=&#8221;medium&#8221; alignment=&#8221;center&#8221;][vc_column_text]<\/p>\n<h2>Mais capacita\u00e7\u00e3o para o novo normal<\/h2>\n<p>Programa Com\u00e9rcio Seguro oferece atividades gratuitas para a adequa\u00e7\u00e3o do com\u00e9rcio pernambucano aos protocolos necess\u00e1rios e boas pr\u00e1ticas<\/p>\n<p>E mais:<\/p>\n<p>&#8211; No Mundo | H\u00e1bito de fazer p\u00e3o cresce durante a pandemia e invade redes sociais<\/p>\n<p>&#8211; Entrevista | Secret\u00e1rio de Desenvolvimento Econ\u00f4mico de Pernambuco,<br \/>\nBruno Schwambach, fala sobre plano de conviv\u00eancia<\/p>\n<h3><a href=\"http:\/\/www.fecomercio-pe.com.br\/download\/IF-Jul-Ago-EPUB-2020.epub\" target=\"_blank\" rel=\"noopener\">Vers\u00e3o EPUB<\/a> |\u00a0<a href=\"http:\/\/fecomercio-pe.com.br\/site\/wp-content\/uploads\/2020\/09\/IF-Jul-Ago-2020-m_compressed.pdf\" target=\"_blank\" rel=\"noopener\">Vers\u00e3oPDF<\/a><\/h3>\n<p>[\/vc_column_text][\/vc_column][vc_column width=&#8221;1\/3&#8243;][vc_column_text]<\/p>\n<h3 style=\"padding-left: 30px;\"><strong>Setembro &#8211; Outubro de 2020<\/strong><\/h3>\n<h5 style=\"padding-left: 30px;\">Ano IX &#8211; Edi\u00e7\u00e3o N\u00ba 053<\/h5>\n<p>[\/vc_column_text][vc_single_image image=&#8221;7814&#8243; img_size=&#8221;medium&#8221; alignment=&#8221;center&#8221;][vc_column_text]<\/p>\n<h2>Pesquisa tra\u00e7\u00e3o perfil do usu\u00e1rio do transporte p\u00fablico da RMR na pandemia<\/h2>\n<p>E mais:<\/p>\n<p>&#8211; De Folga | Hot\u00e9is de portas abertas<br \/>\n&#8211; Entrevista \u201cProcesso de retomada \u00e9 conservador no estado\u201d, diz Avelar Loureiro Filho, presidente do MPP<\/p>\n<h3><a href=\"http:\/\/www.fecomercio-pe.com.br\/download\/IF-Set-Out-EPUB-2020.epub\" target=\"_blank\" rel=\"noopener\">Vers\u00e3o EPUB<\/a> |\u00a0<a href=\"http:\/\/fecomercio-pe.com.br\/site\/wp-content\/uploads\/2020\/12\/IF-Set-Out-2020.pdf\" target=\"_blank\" rel=\"noopener\">Vers\u00e3oPDF<\/a><\/h3>\n<p>[\/vc_column_text][\/vc_column][vc_column width=&#8221;1\/3&#8243;][vc_column_text]<\/p>\n<h3 style=\"padding-left: 30px;\"><strong>Novembro &#8211; Dezembro de 2020<\/strong><\/h3>\n<h5 style=\"padding-left: 30px;\">Ano IX &#8211; Edi\u00e7\u00e3o N\u00ba 054<\/h5>\n<p>[\/vc_column_text][vc_single_image image=&#8221;7890&#8243; img_size=&#8221;medium&#8221; alignment=&#8221;center&#8221;][vc_column_text]<\/p>\n<h2>Fecom\u00e9rcio PE lan\u00e7a o cart\u00e3o do empres\u00e1rio<\/h2>\n<p>E mais:<\/p>\n<p>&#8211; Especial | Loja Artesanato de Talentos fomenta economia solid\u00e1ria no Natal<br \/>\n&#8211; Neg\u00f3cios em Alta |\u00a0Alugar para economizar<\/p>\n<h3><a href=\"http:\/\/www.fecomercio-pe.com.br\/download\/IF-Nov-Dez-EPUB-2020.epub\" target=\"_blank\" rel=\"noopener\">Vers\u00e3o EPUB<\/a> |\u00a0<a href=\"http:\/\/fecomercio-pe.com.br\/site\/wp-content\/uploads\/2021\/01\/IF-Nov-Dez-2020_compressed.pdf\" target=\"_blank\" rel=\"noopener\">Vers\u00e3oPDF<\/a><\/h3>\n<p>[\/vc_column_text][\/vc_column][\/vc_row][vc_row][vc_column][\/vc_column][\/vc_row][vc_row][vc_column][vc_column_text]<\/p>\n<h1>Informe Fecom\u00e9rcio-PE 2019<\/h1>\n<p>[\/vc_column_text][\/vc_column][\/vc_row][vc_row][vc_column width=&#8221;1\/3&#8243;][vc_column_text]<\/p>\n<h3 style=\"padding-left: 30px;\"><strong>Janeiro\u00a0&#8211; Fevereiro\u00a0de 2019<\/strong><\/h3>\n<h5 style=\"padding-left: 30px;\">Ano VIII &#8211; Edi\u00e7\u00e3o N\u00ba 043<\/h5>\n<p>[\/vc_column_text][vc_single_image image=&#8221;6141&#8243; img_size=&#8221;medium&#8221; alignment=&#8221;center&#8221;][vc_column_text]<\/p>\n<h2>O Pre\u00e7o da Folia<\/h2>\n<p>Indo al\u00e9m de adere\u00e7os e fantasias, mercado de bailes, pr\u00e9vias e festas \u00e9 movimentado em Pernambuco<\/p>\n<p>E mais:<br \/>\n&#8211; Cozinha afetiva<br \/>\n&#8211; Entrevista com\u00a0Jos\u00e9 Roberto Tadros<\/p>\n<h3><a href=\"https:\/\/issuu.com\/fecomerciope\/docs\/if_jan-fev_2019_baixa\" target=\"_blank\" rel=\"noopener\">Vers\u00e3o Online<\/a> |\u00a0<a href=\"http:\/\/fecomercio-pe.com.br\/site\/wp-content\/uploads\/2019\/02\/IF-Jan-Fev-2019.pdf\" target=\"_blank\" rel=\"noopener\">Vers\u00e3oPDF<\/a><\/h3>\n<p>[\/vc_column_text][\/vc_column][vc_column width=&#8221;1\/3&#8243;][vc_column_text]<\/p>\n<h3 style=\"padding-left: 30px;\"><strong>Mar\u00e7o &#8211; Abril de 2019<\/strong><\/h3>\n<h5 style=\"padding-left: 30px;\">Ano VIII &#8211; Edi\u00e7\u00e3o N\u00ba 044<\/h5>\n<p>[\/vc_column_text][vc_single_image image=&#8221;6233&#8243; img_size=&#8221;medium&#8221; alignment=&#8221;center&#8221;][vc_column_text]<\/p>\n<h2>Rua Nova<\/h2>\n<p>Reportagem resgata fatos hist\u00f3ricos e mem\u00f3rias de<br \/>\numa das mais famosas vias da cidade<\/p>\n<p>E mais:<br \/>\n&#8211; Fome de Qu\u00ea<br \/>\n&#8211; P\u00e1scoa<\/p>\n<h3><a href=\"https:\/\/issuu.com\/fecomerciope\/docs\/if_mar_abr_2019_-_b\" target=\"_blank\" rel=\"noopener\">Vers\u00e3o Online<\/a>\u00a0 |\u00a0\u00a0<a href=\"http:\/\/fecomercio-pe.com.br\/site\/wp-content\/uploads\/2019\/04\/IF-Mar-Abr-2019-b2_compressed.pdf\" target=\"_blank\" rel=\"noopener\">Vers\u00e3o PDF<\/a><\/h3>\n<p>[\/vc_column_text][\/vc_column][vc_column width=&#8221;1\/3&#8243;][vc_column_text]<\/p>\n<h3 style=\"padding-left: 30px;\"><strong>Maio &#8211; Junho de 2019<\/strong><\/h3>\n<h5 style=\"padding-left: 30px;\">Ano VIII &#8211; Edi\u00e7\u00e3o N\u00ba 045<\/h5>\n<p>[\/vc_column_text][vc_single_image image=&#8221;6402&#8243; img_size=&#8221;medium&#8221; alignment=&#8221;center&#8221;][vc_column_text]<\/p>\n<h2>Gravat\u00e1<\/h2>\n<p>Cidade serrana recebe o maior parque de ecoturismo e turismo de aventura do<br \/>\nNorte e Nordeste<\/p>\n<p>E mais:<br \/>\n&#8211; Deu Certo<br \/>\n&#8211; Gest\u00e3o Inovadora<\/p>\n<h3><a href=\"https:\/\/issuu.com\/fecomerciope\/docs\/if_mai_jun_2019\" target=\"_blank\" rel=\"noopener\">Vers\u00e3o Online<\/a>\u00a0 |\u00a0\u00a0<a href=\"http:\/\/fecomercio-pe.com.br\/site\/wp-content\/uploads\/2019\/06\/IF-Mai-Jun-2019-baixa_compressed.pdf\" target=\"_blank\" rel=\"noopener\">Vers\u00e3o PDF<\/a><\/h3>\n<p>[\/vc_column_text][\/vc_column][\/vc_row][vc_row][vc_column width=&#8221;1\/3&#8243;][vc_column_text]<\/p>\n<h3 style=\"padding-left: 30px;\"><strong>Julho &#8211; Agosto de 2019<\/strong><\/h3>\n<h5 style=\"padding-left: 30px;\">Ano VIII &#8211; Edi\u00e7\u00e3o N\u00ba 046<\/h5>\n<p>[\/vc_column_text][vc_single_image image=&#8221;6477&#8243; img_size=&#8221;medium&#8221; alignment=&#8221;center&#8221;][vc_column_text]<\/p>\n<h2>No cora\u00e7\u00e3o do Sert\u00e3o<\/h2>\n<p>Capital do Xaxado \u00e9 refer\u00eancia de desenvolvimento no Sert\u00e3o do Paje\u00fa<\/p>\n<p>E mais:<br \/>\n&#8211; Nova sede da Faculdade Senac \u00e9 inaugurada no Recife<br \/>\n&#8211; Conhe\u00e7a a ladeira mais famosa de Olinda, a Ladeira da Miseric\u00f3rdia<\/p>\n<h3><a href=\"https:\/\/issuu.com\/fecomerciope\/docs\/if_jul-ago_2019_alta\" target=\"_blank\" rel=\"noopener\">Vers\u00e3o Online<\/a> |\u00a0<a href=\"http:\/\/fecomercio-pe.com.br\/site\/wp-content\/uploads\/2019\/08\/IF-Jul-Ago-2019-Baixa1.pdf\" target=\"_blank\" rel=\"noopener\">Vers\u00e3oPDF<\/a><\/h3>\n<p>[\/vc_column_text][\/vc_column][vc_column width=&#8221;1\/3&#8243;][vc_column_text]<\/p>\n<h3 style=\"padding-left: 30px;\"><strong>Setembro &#8211; Outubro de 2019<\/strong><\/h3>\n<h5 style=\"padding-left: 30px;\">Ano VIII &#8211; Edi\u00e7\u00e3o N\u00ba 047<\/h5>\n<p>[\/vc_column_text][vc_single_image image=&#8221;6684&#8243; img_size=&#8221;medium&#8221; alignment=&#8221;center&#8221;][vc_column_text]<\/p>\n<h2>Paix\u00e3o \u00e0 flor da pele<\/h2>\n<p>Pr\u00e1tica milenar, a tatuagem supera preconceitos e mercado conquista<br \/>\ncada vez mais adeptos<\/p>\n<p>E mais:<br \/>\n-Rua do Bom Jesus: pioneira e cheia de boas hist\u00f3rias<\/p>\n<p>&#8211; Entrevista com Jorge Jatob\u00e1: Plano Real completa 25 anos<\/p>\n<h3><a href=\"https:\/\/issuu.com\/fecomerciope\/docs\/if_set-out_2019\" target=\"_blank\" rel=\"noopener\">Vers\u00e3o Online<\/a> |\u00a0<a href=\"http:\/\/fecomercio-pe.com.br\/site\/wp-content\/uploads\/2019\/10\/IF-Set-Out-2019-b_compressed-1.pdf\" target=\"_blank\" rel=\"noopener\">Vers\u00e3oPDF<\/a><\/h3>\n<p>[\/vc_column_text][\/vc_column][vc_column width=&#8221;1\/3&#8243;][vc_column_text]<\/p>\n<h3 style=\"padding-left: 30px;\"><strong>Novembro &#8211; Dezembro de 2019<\/strong><\/h3>\n<h5 style=\"padding-left: 30px;\">Ano VIII &#8211; Edi\u00e7\u00e3o N\u00ba 048<\/h5>\n<p>[\/vc_column_text][vc_single_image image=&#8221;6778&#8243; img_size=&#8221;medium&#8221; alignment=&#8221;center&#8221;][vc_column_text]<\/p>\n<h2>Pernambuco Animado<\/h2>\n<p>Nos \u00faltimos anos, o estado vem se tornando um importante polo da anima\u00e7\u00e3o brasileira<\/p>\n<p>E mais:<\/p>\n<p>&#8211; Avenida Rui Barbosa: via \u00e9 famosa por abrigar casar\u00f5es hist\u00f3ricos<\/p>\n<p>&#8211; Entrevista com Carlos Mario Rodr\u00edguez:<br \/>\npremiado urbanista traz experi\u00eancias vividas em Medell\u00edn<\/p>\n<h3><a href=\"https:\/\/issuu.com\/fecomerciope\/docs\/if_nov-dez_2019\" target=\"_blank\" rel=\"noopener\">Vers\u00e3o Online<\/a> |\u00a0<a href=\"http:\/\/fecomercio-pe.com.br\/site\/wp-content\/uploads\/2019\/12\/IF-Nov-Dez-2019_compressed.pdf\" target=\"_blank\" rel=\"noopener\">Vers\u00e3oPDF<\/a><\/h3>\n<p>[\/vc_column_text][\/vc_column][\/vc_row][vc_row][vc_column][vc_column_text][\/vc_column_text][\/vc_column][\/vc_row][vc_row][vc_column][vc_column_text]<\/p>\n<h1>Informe Fecom\u00e9rcio-PE 2018<\/h1>\n<p>[\/vc_column_text][\/vc_column][\/vc_row][vc_row][vc_column width=&#8221;1\/3&#8243;][vc_column_text]<\/p>\n<h3 style=\"padding-left: 30px;\"><strong>Janeiro\u00a0&#8211; Fevereiro\u00a0de 2018<\/strong><\/h3>\n<h5 style=\"padding-left: 30px;\">Ano VII &#8211; Edi\u00e7\u00e3o N\u00ba 037<\/h5>\n<p>[\/vc_column_text][vc_single_image image=&#8221;5060&#8243; img_size=&#8221;medium&#8221; alignment=&#8221;center&#8221;][vc_column_text]<\/p>\n<h2>Por Mares e Rios<\/h2>\n<p>Descubra as belezas de Pernambuco navegando<\/p>\n<p>E mais:<br \/>\n&#8211; Pelas ruas que andei<br \/>\n&#8211; Perto de casa<br \/>\n&#8211; Selo verde<\/p>\n<h3><a href=\"https:\/\/issuu.com\/fecomerciope\/docs\/informe_fecom_rcio_jan-fev_ed._37__\" target=\"_blank\" rel=\"noopener\">Vers\u00e3o Online<\/a> |\u00a0<a href=\"http:\/\/fecomercio-pe.com.br\/site\/wp-content\/uploads\/2018\/03\/Informe-Fecom\u00e9rcio-Jan-Fev-Ed.-37-em-baixa.pdf\" target=\"_blank\" rel=\"noopener\">Vers\u00e3oPDF<\/a><\/h3>\n<p>[\/vc_column_text][\/vc_column][vc_column width=&#8221;1\/3&#8243;][vc_column_text]<\/p>\n<h3 style=\"padding-left: 30px;\"><strong>Mar\u00e7o &#8211; Abril de 2018<\/strong><\/h3>\n<h5 style=\"padding-left: 30px;\">Ano VII &#8211; Edi\u00e7\u00e3o N\u00ba 038<\/h5>\n<p>[\/vc_column_text][vc_single_image image=&#8221;5279&#8243; img_size=&#8221;medium&#8221; alignment=&#8221;center&#8221;][vc_column_text]<\/p>\n<h2>No cora\u00e7\u00e3o do centro<\/h2>\n<p>Uma das principais vias da cidade, Av. Conde da Boa Vista \u00e9<br \/>\nPersonagem importante do desenvolvimento do com\u00e9rcio, da<br \/>\nArquitetura, do transporte e at\u00e9 da pol\u00edtica do Recife<\/p>\n<p>E mais:<br \/>\n&#8211; Descubra<br \/>\n&#8211; e-Social<br \/>\n&#8211; Croch\u00ea<\/p>\n<h3><a href=\"https:\/\/issuu.com\/fecomerciope\/docs\/rif_mar-abr_2018__em_baixa_\" target=\"_blank\" rel=\"noopener\">Vers\u00e3o Online<\/a> |\u00a0<a href=\"http:\/\/fecomercio-pe.com.br\/site\/wp-content\/uploads\/2018\/05\/RIF-MAR-ABR-2018-em-baixa.pdf\" target=\"_blank\" rel=\"noopener\">Vers\u00e3oPDF<\/a><\/h3>\n<p>[\/vc_column_text][\/vc_column][vc_column width=&#8221;1\/3&#8243;][vc_column_text]<\/p>\n<h3 style=\"padding-left: 30px;\"><strong>Maio &#8211; Junho de 2018<\/strong><\/h3>\n<h5 style=\"padding-left: 30px;\">Ano VII &#8211; Edi\u00e7\u00e3o N\u00ba 039<\/h5>\n<p>[\/vc_column_text][vc_single_image image=&#8221;5429&#8243; img_size=&#8221;medium&#8221; alignment=&#8221;center&#8221;][vc_column_text]<\/p>\n<h2>Luta com a cara do Brasil<\/h2>\n<p>Capoeira ainda sofre com preconceito racial, apesar de j\u00e1 ser mais reconhecida. Muito mais que atletas, praticantes adotam como estilo de vida<\/p>\n<p>E mais:<br \/>\n&#8211; Rua do Lazer<br \/>\n&#8211; Luiza Trajano<br \/>\n&#8211; Projeto Amiga Zetta<\/p>\n<h3><a href=\"https:\/\/issuu.com\/fecomerciope\/docs\/rif_mai-jun_2018__em_baixa_\" target=\"_blank\" rel=\"noopener\">Vers\u00e3o Online<\/a> |\u00a0<a href=\"http:\/\/fecomercio-pe.com.br\/site\/wp-content\/uploads\/2018\/07\/RIF-MAI-JUN-2018-em-baixa-Alterada.pdf\" target=\"_blank\" rel=\"noopener\">Vers\u00e3oPDF<\/a><\/h3>\n<p>[\/vc_column_text][\/vc_column][\/vc_row][vc_row][vc_column width=&#8221;1\/3&#8243;][vc_column_text]<\/p>\n<h3 style=\"padding-left: 30px;\"><strong>Julho &#8211; Agosto de 2018<\/strong><\/h3>\n<h5 style=\"padding-left: 30px;\">Ano VII &#8211; Edi\u00e7\u00e3o N\u00ba 040<\/h5>\n<p>[\/vc_column_text][vc_single_image image=&#8221;5654&#8243; img_size=&#8221;medium&#8221; alignment=&#8221;center&#8221;][vc_column_text]<\/p>\n<h2>M\u00e3os que fazem cultura<\/h2>\n<p>Artesanato \u00e9 parte essencial da cultura de Pernambuco,<\/p>\n<p>as feiras conquistam moradores locais e turistas<\/p>\n<p>E mais:<br \/>\n&#8211; No c\u00e9u do sert\u00e3o<br \/>\n&#8211; Pelas ruas que andei<br \/>\n&#8211; Hostels<\/p>\n<h3><a href=\"https:\/\/issuu.com\/fecomerciope\/docs\/informe_fecom_rcio_jul-ago_ed._38\" target=\"_blank\" rel=\"noopener\">Vers\u00e3o Online<\/a> |\u00a0<a href=\"http:\/\/fecomercio-pe.com.br\/site\/wp-content\/uploads\/2018\/09\/RIF-JUL-AGO-2018-em-baixa.pdf\" target=\"_blank\" rel=\"noopener\">Vers\u00e3oPDF<\/a><\/h3>\n<p>[\/vc_column_text][\/vc_column][vc_column width=&#8221;1\/3&#8243;][vc_column_text]<\/p>\n<h3 style=\"padding-left: 30px;\"><strong>Setembro &#8211; Outubro de 2018<\/strong><\/h3>\n<h5 style=\"padding-left: 30px;\">Ano VII &#8211; Edi\u00e7\u00e3o N\u00ba 041<\/h5>\n<p>[\/vc_column_text][vc_single_image image=&#8221;5810&#8243; img_size=&#8221;medium&#8221; alignment=&#8221;center&#8221;][vc_column_text]<\/p>\n<h2>Protagonistas em qualquer cena<\/h2>\n<p>Recife possui um grande n\u00famero de teatros que contribuem para o fortalecimento das artes c\u00eanicas locais<\/p>\n<p>E mais:<br \/>\n&#8211; Pelas ruas que andei<br \/>\n&#8211; Realeg<br \/>\n&#8211; Al\u00e9m do fast-food<\/p>\n<h3><a href=\"https:\/\/issuu.com\/fecomerciope\/docs\/rif_set-out_2018__em_baixa_\" target=\"_blank\" rel=\"noopener\">Vers\u00e3o Online<\/a> |\u00a0<a href=\"http:\/\/fecomercio-pe.com.br\/site\/wp-content\/uploads\/2018\/11\/RIF-SET-OUT-2018-em-baixa.pdf\">Vers\u00e3oPDF<\/a><\/h3>\n<p>[\/vc_column_text][\/vc_column][vc_column width=&#8221;1\/3&#8243;][vc_column_text]<\/p>\n<h3 style=\"padding-left: 30px;\"><strong>Novembro &#8211; Dezembro de 2018<\/strong><\/h3>\n<h5 style=\"padding-left: 30px;\">Ano VII &#8211; Edi\u00e7\u00e3o N\u00ba 042<\/h5>\n<p>[\/vc_column_text][vc_single_image image=&#8221;5978&#8243; img_size=&#8221;medium&#8221; alignment=&#8221;center&#8221;][vc_column_text]<\/p>\n<h2>Gera\u00e7\u00f5es que se completam<\/h2>\n<p>Amizade entre pessoas com idades distantes traz mais alegria para os mais velhos e reduz a ansiedade dos mais jovens<\/p>\n<p>E mais:<br \/>\n&#8211; Atacarejos<br \/>\n&#8211; Maquiagem<br \/>\n&#8211; Tecnologia no varejo<\/p>\n<h3><a href=\"https:\/\/issuu.com\/fecomerciope\/docs\/rif_nov-dez_2018__em_baixa___1_\" target=\"_blank\" rel=\"noopener\">Vers\u00e3o Online<\/a> |\u00a0<a href=\"http:\/\/fecomercio-pe.com.br\/site\/wp-content\/uploads\/2018\/12\/RIF-NOV-DEZ-2018-em-baixa-ilovepdf-compressed.pdf\" target=\"_blank\" rel=\"noopener\">Vers\u00e3oPDF<\/a><\/h3>\n<p>[\/vc_column_text][\/vc_column][\/vc_row][vc_row][vc_column][\/vc_column][\/vc_row][vc_row][vc_column][vc_column_text]<\/p>\n<h1>Informe Fecom\u00e9rcio-PE 2017<\/h1>\n<p>[\/vc_column_text][\/vc_column][\/vc_row][vc_row][vc_column width=&#8221;1\/3&#8243;][vc_column_text]<\/p>\n<h3 style=\"padding-left: 30px;\"><strong>Novembro &#8211;\u00a0Dezembro de 2017<\/strong><\/h3>\n<h5 style=\"padding-left: 30px;\">Ano VI &#8211; Edi\u00e7\u00e3o N\u00ba 036<\/h5>\n<p>[\/vc_column_text][vc_single_image image=&#8221;4855&#8243; img_size=&#8221;medium&#8221; alignment=&#8221;center&#8221;][vc_column_text]<\/p>\n<h2>Gente de for\u00e7a<\/h2>\n<p>Hist\u00f3rias de quem supera limites, buscando novos desafios<\/p>\n<p>E mais:<br \/>\n&#8211; Perspectivas para o turismo<br \/>\n&#8211; Segmento de faxina se reinventa<br \/>\n&#8211; Prospectar oportunidades<\/p>\n<h3><a href=\"https:\/\/issuu.com\/fecomerciope\/docs\/informe_fecom__rcio_nov-dez_ed._36_\" target=\"_blank\" rel=\"noopener\">Vers\u00e3o Online<\/a> |\u00a0<a href=\"http:\/\/fecomercio-pe.com.br\/site\/wp-content\/uploads\/2018\/01\/Informe-Fecom\u00e9rcio-Nov-Dez-Ed.-36-em-baixa.pdf\" target=\"_blank\" rel=\"noopener\">Vers\u00e3oPDF<\/a><\/h3>\n<p>[\/vc_column_text][\/vc_column][vc_column width=&#8221;1\/3&#8243;][vc_column_text]<\/p>\n<h3 style=\"padding-left: 30px;\"><strong>Setembro &#8211;\u00a0Outubro de 2017<\/strong><\/h3>\n<h5 style=\"padding-left: 30px;\">Ano VI &#8211; Edi\u00e7\u00e3o N\u00ba 035<\/h5>\n<p>[\/vc_column_text][vc_single_image image=&#8221;4721&#8243; img_size=&#8221;medium&#8221; alignment=&#8221;center&#8221;][vc_column_text]<\/p>\n<h2>Federa\u00e7\u00e3o em festa<\/h2>\n<p>Fecom\u00e9rcio-PE comemora 75 anos de contribui\u00e7\u00e3o<br \/>\nPara o desenvolvimento do estado<\/p>\n<p>E mais:<br \/>\n&#8211;\u00a0Sabor gelado, mercado aquecido<br \/>\n&#8211; Dinheiro n\u00e3o \u00e9 brinquedo<br \/>\n&#8211; Desbrave<\/p>\n<h3><a href=\"https:\/\/issuu.com\/fecomerciope\/docs\/informe_fecom__rcio_set-out_ed._35_\" target=\"_blank\" rel=\"noopener\">Vers\u00e3o Online<\/a> |\u00a0<a href=\"http:\/\/fecomercio-pe.com.br\/site\/wp-content\/uploads\/2017\/12\/Informe-Fecom\u00e9rcio-Set-Out-Ed.-35-em-baixa.pdf\" target=\"_blank\" rel=\"noopener\">Vers\u00e3oPDF<\/a><\/h3>\n<p>[\/vc_column_text][\/vc_column][vc_column width=&#8221;1\/3&#8243; css=&#8221;.vc_custom_1444834174979{padding-top: 10px !important;padding-right: 10px !important;padding-bottom: 10px !important;padding-left: 10px !important;background-color: #f9f9f9 !important;}&#8221;][vc_column_text]<\/p>\n<h3 style=\"padding-left: 30px;\"><strong>Julho\u00a0&#8211;\u00a0Agosto de 2017<\/strong><\/h3>\n<h5 style=\"padding-left: 30px;\">Ano VI &#8211; Edi\u00e7\u00e3o N\u00ba 034<\/h5>\n<p>[\/vc_column_text][vc_single_image image=&#8221;4395&#8243; img_size=&#8221;medium&#8221; alignment=&#8221;center&#8221;][vc_column_text]<\/p>\n<h2>Cacha\u00e7a da Boa<\/h2>\n<p>Destilado que \u00e9 a cara do brasil fortalece tradi\u00e7\u00f5es<br \/>\nE movimenta economia de pernambuco<\/p>\n<p>E mais:<br \/>\n&#8211; A Vez da Subloca\u00e7\u00e3o<br \/>\n&#8211; Turismo Aquecido<br \/>\n&#8211; Chef x Restaurateur<\/p>\n<h3><a href=\"https:\/\/issuu.com\/fecomerciope\/docs\/informe_fecom__rcio_julho-agosto_ed\" target=\"_blank\" rel=\"noopener\">Vers\u00e3o Online<\/a> |\u00a0<a href=\"http:\/\/fecomercio-pe.com.br\/site\/wp-content\/uploads\/2017\/09\/Informe-Fecom\u00e9rcio-Julho-Agosto-Ed.-34-em-baixa.pdf\" target=\"_blank\" rel=\"noopener\">Vers\u00e3oPDF<\/a><\/h3>\n<p>[\/vc_column_text][\/vc_column][\/vc_row][vc_row][vc_column width=&#8221;1\/3&#8243;][vc_column_text]<\/p>\n<h3 style=\"padding-left: 30px;\"><strong>Maio &#8211; Junho\u00a0de 2017<\/strong><\/h3>\n<h5 style=\"padding-left: 30px;\">Ano VI &#8211; Edi\u00e7\u00e3o N\u00ba 033<\/h5>\n<p>[\/vc_column_text][vc_single_image image=&#8221;4230&#8243; img_size=&#8221;medium&#8221; alignment=&#8221;center&#8221;][vc_column_text]<\/p>\n<h2>Aprendizado e brincadeira<\/h2>\n<p>A pr\u00e1tica de atividades l\u00fadicas como metodologia<br \/>\nde ensino na educa\u00e7\u00e3o infantil<\/p>\n<p>E mais:<br \/>\n&#8211; O agreste \u00e9 das artes<br \/>\n&#8211; Cuidador de idosos<br \/>\n&#8211; Padr\u00e3o criatividade<\/p>\n<h3><a href=\"https:\/\/issuu.com\/fecomerciope\/docs\/informe_fecom__rcio_maio-junho_ed._\" target=\"_blank\" rel=\"noopener\">Vers\u00e3o Online<\/a> |\u00a0<a href=\"http:\/\/fecomercio-pe.com.br\/site\/wp-content\/uploads\/2017\/07\/Informe-Fecom\u00e9rcio-Maio-Junho-Ed.-33.pdf\" target=\"_blank\" rel=\"noopener\">Vers\u00e3oPDF<\/a><\/h3>\n<p>[\/vc_column_text][\/vc_column][vc_column width=&#8221;1\/3&#8243;][vc_column_text]<\/p>\n<h3 style=\"padding-left: 30px;\"><strong>Mar\u00e7o\u00a0&#8211; Abril\u00a0de 2017<\/strong><\/h3>\n<h5 style=\"padding-left: 30px;\">Ano VI &#8211; Edi\u00e7\u00e3o N\u00ba 032<\/h5>\n<p>[\/vc_column_text][vc_single_image image=&#8221;3951&#8243; img_size=&#8221;medium&#8221; alignment=&#8221;center&#8221;][vc_column_text]<\/p>\n<h2>Meu escrit\u00f3rio \u00e9 em casa<\/h2>\n<p>12 milh\u00f5es de brasileiros j\u00e1\u00a0aderiram ao home office, modalidade que conjuga produtividade, benef\u00edcios ao trabalhador e baixo custo para empresas<\/p>\n<p>E mais:<br \/>\n&#8211;\u00a0Moldura do olhar<br \/>\n&#8211;\u00a0Cart\u00e3o de cr\u00e9dito<br \/>\n&#8211;\u00a0Sua caixa chegou<\/p>\n<h3><a href=\"https:\/\/issuu.com\/fecomerciope\/docs\/informe_fecom__rcio_ed_32__em_baixa\" target=\"_blank\" rel=\"noopener\">Vers\u00e3o Online<\/a> |\u00a0<a href=\"http:\/\/fecomercio-pe.com.br\/site\/wp-content\/uploads\/2017\/05\/Informe-Fecom\u00e9rcio-Ed-32-em-baixa.pdf\" target=\"_blank\" rel=\"noopener\">Vers\u00e3oPDF<\/a><\/h3>\n<p>[\/vc_column_text][\/vc_column][vc_column width=&#8221;1\/3&#8243;][vc_column_text]<\/p>\n<h3 style=\"padding-left: 30px;\"><strong>Janeiro\u00a0&#8211; Fevereiro\u00a0de 2017<\/strong><\/h3>\n<h5 style=\"padding-left: 30px;\">Ano VI &#8211; Edi\u00e7\u00e3o N\u00ba 031<\/h5>\n<p>[\/vc_column_text][vc_single_image image=&#8221;3655&#8243; img_size=&#8221;medium&#8221; alignment=&#8221;center&#8221;][vc_column_text]<\/p>\n<h2>Pernambuco, c\u00e2mera, a\u00e7\u00e3o<\/h2>\n<p>Produ\u00e7\u00e3o cinematogr\u00e1fica local \u00e9 destaque<br \/>\nInternacional e conquista p\u00fablico pela originalidade<\/p>\n<p>E mais:<br \/>\n&#8211; E-Commerce<br \/>\n&#8211; Tem O Meu Tamanho?<br \/>\n&#8211; Passeios De F\u00e9<\/p>\n<h3><a href=\"https:\/\/issuu.com\/fecomerciope\/docs\/informe_fecom__rcio_ed_31__em_baixa\" target=\"_blank\" rel=\"noopener\">Vers\u00e3o Online<\/a> |\u00a0<a href=\"http:\/\/fecomercio-pe.com.br\/site\/wp-content\/uploads\/2017\/03\/Informe-Fecom\u00e9rcio-Ed-31-em-baixa-1.pdf\" target=\"_blank\" rel=\"noopener\">Vers\u00e3oPDF<\/a><\/h3>\n<p>[\/vc_column_text][\/vc_column][\/vc_row][vc_row][vc_column][vc_column_text]<\/p>\n<h1>Informe Fecom\u00e9rcio-PE 2016<\/h1>\n<p>[\/vc_column_text][\/vc_column][\/vc_row][vc_row][vc_column width=&#8221;1\/3&#8243; css=&#8221;.vc_custom_1444834174979{padding-top: 10px !important;padding-right: 10px !important;padding-bottom: 10px !important;padding-left: 10px !important;background-color: #f9f9f9 !important;}&#8221;][vc_column_text]<\/p>\n<h3 style=\"padding-left: 30px;\"><strong>Novembro\u00a0&#8211; Dezembro\u00a0de 2016<\/strong><\/h3>\n<h5 style=\"padding-left: 30px;\">Ano V &#8211; Edi\u00e7\u00e3o N\u00ba 030<\/h5>\n<p>[\/vc_column_text][vc_single_image image=&#8221;3234&#8243; img_size=&#8221;medium&#8221; alignment=&#8221;center&#8221;][vc_column_text]<\/p>\n<h2>Mem\u00f3rias Capitalizadas<\/h2>\n<p>Colecionismo sai do arm\u00e1rio e conquista<br \/>\nUm novo mercado que traz ao p\u00fablico<br \/>\nProdutos raros e valorados pelo afeto<\/p>\n<p>E mais:<br \/>\n&#8211; Entrevista Leandro Karnal<br \/>\n&#8211; Padarias especiais<br \/>\n&#8211; Como ser\u00e1 o amanh\u00e3?<\/p>\n<h3><a href=\"https:\/\/issuu.com\/fecomerciope\/docs\/informe_fecom__rcio_ed_30__em_baixa\" target=\"_blank\" rel=\"noopener\">Vers\u00e3o Online<\/a> |\u00a0<a href=\"http:\/\/fecomercio-pe.com.br\/site\/wp-content\/uploads\/2017\/01\/Informe-Fecom\u00e9rcio-Ed-30-em-baixa.pdf\" target=\"_blank\" rel=\"noopener\">Vers\u00e3oPDF<\/a><\/h3>\n<p>[\/vc_column_text][\/vc_column][vc_column width=&#8221;1\/3&#8243; css=&#8221;.vc_custom_1444834227977{padding-top: 10px !important;padding-right: 10px !important;padding-bottom: 10px !important;padding-left: 10px !important;background-color: #f6f6f6 !important;}&#8221;][vc_column_text]<\/p>\n<h3 style=\"padding-left: 30px;\"><strong>Setembro\u00a0&#8211; Outubro\u00a0de 2016<\/strong><\/h3>\n<h5 style=\"padding-left: 30px;\">Ano V &#8211; Edi\u00e7\u00e3o N\u00ba 029<\/h5>\n<p>[\/vc_column_text][vc_single_image image=&#8221;2720&#8243; img_size=&#8221;medium&#8221; alignment=&#8221;center&#8221;][vc_column_text]<\/p>\n<h2>Antes h\u00e1bitos, agora neg\u00f3cios<\/h2>\n<p>Mais do que estilo de vida, o vegetarianismo impulsiona com\u00e9rcio e atende demanda de mercado<\/p>\n<p>E mais:<br \/>\n&#8211;\u00a0Ser porfessor \u00e9&#8230;<br \/>\n&#8211;\u00a0Imp\u00e9rio de pl\u00e1stico<br \/>\n&#8211;\u00a0Escola do Futuro<\/p>\n<h3><a href=\"http:\/\/issuu.com\/fecomerciope\/docs\/informe_fecom__rcio_ed_29__baixa_?workerAddress=ec2-54-165-37-209.compute-1.amazonaws.com\" target=\"_blank\" rel=\"noopener\">Vers\u00e3o Online<\/a> |\u00a0<a href=\"http:\/\/fecomercio-pe.com.br\/site\/wp-content\/uploads\/2016\/10\/Informe-Fecom\u00e9rcio-Ed-29-baixa.pdf\" target=\"_blank\" rel=\"noopener\">Vers\u00e3oPDF<\/a><\/h3>\n<p>[\/vc_column_text][\/vc_column][vc_column width=&#8221;1\/3&#8243;][vc_column_text]<\/p>\n<h3 style=\"padding-left: 30px;\"><strong>Julho &#8211; Agosto\u00a0de 2016<\/strong><\/h3>\n<h5 style=\"padding-left: 30px;\">Ano V &#8211; Edi\u00e7\u00e3o N\u00ba 028<\/h5>\n<p>[\/vc_column_text][vc_single_image image=&#8221;2427&#8243; img_size=&#8221;medium&#8221; alignment=&#8221;center&#8221;][vc_column_text]<\/p>\n<h2>Pretinho nada b\u00e1sico<\/h2>\n<p>Caf\u00e9s especiais ganham mercado apostando na qualidade e varia\u00e7\u00f5es dos gr\u00e3os e da torra<\/p>\n<p>E mais:<br \/>\n&#8211;\u00a0Entre likes e n\u00edqueis<br \/>\n&#8211;\u00a0Venda integrada<br \/>\n&#8211;\u00a0Mercados p\u00fablicos<\/p>\n<h3><a href=\"https:\/\/issuu.com\/fecomerciope\/docs\/informe_fecom__rcio_ed._28__em_baix\" target=\"_blank\" rel=\"noopener\">Vers\u00e3o Online<\/a> |\u00a0<a href=\"http:\/\/fecomercio-pe.com.br\/site\/wp-content\/uploads\/2016\/10\/Informe-Fecom\u00e9rcio-Ed.-28-%28em-baixa%291.pdf\" target=\"_blank\" rel=\"noopener\">Vers\u00e3oPDF<\/a><\/h3>\n<p>[\/vc_column_text][\/vc_column][\/vc_row][vc_row][vc_column width=&#8221;1\/3&#8243;][vc_column_text]<\/p>\n<h3 style=\"padding-left: 30px;\"><strong>Maio &#8211; Junho\u00a0de 2016<\/strong><\/h3>\n<h5 style=\"padding-left: 30px;\">Ano V &#8211; Edi\u00e7\u00e3o N\u00ba 027<\/h5>\n<p>[\/vc_column_text][vc_single_image image=&#8221;2164&#8243; img_size=&#8221;medium&#8221; alignment=&#8221;center&#8221; img_link_large=&#8221;yes&#8221;][vc_column_text]<\/p>\n<h2>Playground\u00a0masculino<\/h2>\n<p>Barbearias apostam em servi\u00e7os al\u00e9m dos tradicionais e se tornam ambientes de conv\u00edvio<\/p>\n<p>E mais:<br \/>\n&#8211;\u00a0T\u00e9cnicos da vida<br \/>\n&#8211; \u00c0 sua maneira<br \/>\n&#8211; Entrevista<\/p>\n<h3><a href=\"https:\/\/issuu.com\/fecomerciope\/docs\/informe_fecom__rcio_ed_27__em_baixa\" target=\"_blank\" rel=\"noopener\">Vers\u00e3o Online<\/a> |\u00a0<a href=\"http:\/\/fecomercio-pe.com.br\/site\/wp-content\/uploads\/2016\/07\/Informe-Fecom\u00e9rcio-Ed-27-em-baixa-para-site1.pdf\">Vers\u00e3oPDF<\/a><\/h3>\n<p>[\/vc_column_text][vc_column_text]<br \/>\n[\/vc_column_text][\/vc_column][vc_column width=&#8221;1\/3&#8243; css=&#8221;.vc_custom_1444834174979{padding-top: 10px !important;padding-right: 10px !important;padding-bottom: 10px !important;padding-left: 10px !important;background-color: #f9f9f9 !important;}&#8221;][vc_column_text]<\/p>\n<h3 style=\"padding-left: 30px;\"><strong>Mar\u00e7o &#8211; Abril de 2016<\/strong><\/h3>\n<h5 style=\"padding-left: 30px;\">Ano V &#8211; Edi\u00e7\u00e3o N\u00ba 026<\/h5>\n<p>[\/vc_column_text][vc_single_image image=&#8221;1867&#8243; img_size=&#8221;medium&#8221; alignment=&#8221;center&#8221; img_link_large=&#8221;yes&#8221;][vc_column_text]<\/p>\n<h2>O despertar da economia cultural<\/h2>\n<p>Capta\u00e7\u00e3o de recursos p\u00fablicos e privados para desenvolvimento de projetos culturais passa por profissionaliza\u00e7\u00e3o e aquece setor<\/p>\n<p>E mais:<br \/>\n&#8211;\u00a0Sem amargor<br \/>\n&#8211;\u00a0Saldo aprovisionado<br \/>\n&#8211;\u00a0Camping sem improviso<\/p>\n<h3><a href=\"https:\/\/issuu.com\/fecomerciope\/docs\/informe_fecom__rcio_edi____o_26__em\" target=\"_blank\" rel=\"noopener\">Vers\u00e3o Online<\/a> |\u00a0<a href=\"http:\/\/fecomercio-pe.com.br\/site\/wp-content\/uploads\/2016\/07\/Informe-Fecom\u00e9rcio-edi\u00e7\u00e3o-26-ilovepdf-compressed-1.pdf\">Vers\u00e3oPDF<\/a><\/h3>\n<p>[\/vc_column_text][\/vc_column][vc_column width=&#8221;1\/3&#8243;][vc_column_text]<\/p>\n<h3 style=\"padding-left: 30px;\"><strong>Janeiro &#8211; Fevereiro de 2016<\/strong><\/h3>\n<h5 style=\"padding-left: 30px;\">Ano V &#8211; Edi\u00e7\u00e3o N\u00ba 025<\/h5>\n<p>[\/vc_column_text][vc_single_image image=&#8221;1866&#8243; img_size=&#8221;medium&#8221; alignment=&#8221;center&#8221;][vc_column_text]<\/p>\n<h2>Descobrindo outros mares<\/h2>\n<p>Exploramos praias do litoral pernambucano para mostrar que o ver\u00e3o pode assumir outros tons de beleza<\/p>\n<p>E mais:<br \/>\n&#8211; A gelada mudou<br \/>\n&#8211;\u00a0Pintando o sete<br \/>\n&#8211;\u00a0Shopping simbi\u00f3tico<\/p>\n<h3><a href=\"https:\/\/issuu.com\/fecomerciope\/docs\/informe_fecom__rcio_ed_25__em_baixa\" target=\"_blank\" rel=\"noopener\">Vers\u00e3o Online<\/a> |\u00a0<a href=\"http:\/\/fecomercio-pe.com.br\/site\/wp-content\/uploads\/2016\/06\/Informe-Fecomercio-2016-Jan-Fev.pdf\" target=\"_blank\" rel=\"noopener\">Vers\u00e3oPDF<\/a><\/h3>\n<p>[\/vc_column_text][\/vc_column][\/vc_row][vc_row][vc_column][vc_column_text]<\/p>\n<h1>Informe Fecom\u00e9rcio-PE 2015<\/h1>\n<p>[\/vc_column_text][\/vc_column][\/vc_row][vc_row][vc_column width=&#8221;1\/3&#8243; css=&#8221;.vc_custom_1444834174979{padding-top: 10px !important;padding-right: 10px !important;padding-bottom: 10px !important;padding-left: 10px !important;background-color: #f9f9f9 !important;}&#8221;][vc_column_text]<\/p>\n<h3 style=\"padding-left: 30px;\"><strong>Janeiro &#8211; Fevereiro de 2015<\/strong><\/h3>\n<h5 style=\"padding-left: 30px;\">Ano IV &#8211; Edi\u00e7\u00e3o N\u00ba 019<\/h5>\n<p>[\/vc_column_text][vc_single_image image=&#8221;892&#8243; img_size=&#8221;medium&#8221; alignment=&#8221;center&#8221; img_link_large=&#8221;yes&#8221;][vc_column_text]<\/p>\n<h2>A Rua \u00e9 Nossa<\/h2>\n<p>Para passear, brincar ou praticar esportes, as ruas recifenses est\u00e3o sendo ressignificadas como um novo jeito de viver a cidade<\/p>\n<p>E mais:<br \/>\n&#8211; Mercado para os solteiros<br \/>\n&#8211; A nova cer\u00e2mica<br \/>\n&#8211; Guia gastron\u00f4mico<\/p>\n<h3><a href=\"https:\/\/issuu.com\/fecomerciope\/docs\/rif_janfev_2015_final_web\" target=\"_blank\" rel=\"noopener\">Vers\u00e3o Online<\/a> |\u00a0<a href=\"http:\/\/fecomercio-pe.com.br\/site\/wp-content\/uploads\/2015\/08\/1-Jan-Fev-2015.pdf\" target=\"_blank\" rel=\"noopener\">Vers\u00e3oPDF<\/a><\/h3>\n<p>[\/vc_column_text][\/vc_column][vc_column width=&#8221;1\/3&#8243; css=&#8221;.vc_custom_1444834227977{padding-top: 10px !important;padding-right: 10px !important;padding-bottom: 10px !important;padding-left: 10px !important;background-color: #f6f6f6 !important;}&#8221;][vc_column_text]<\/p>\n<h3 style=\"padding-left: 30px;\"><strong>Mar\u00e7o &#8211; Abril de 2015<\/strong><\/h3>\n<h5 style=\"padding-left: 30px;\">Ano IV &#8211; Edi\u00e7\u00e3o N\u00ba 020<\/h5>\n<p>[\/vc_column_text][vc_single_image image=&#8221;893&#8243; img_size=&#8221;medium&#8221; alignment=&#8221;center&#8221; img_link_large=&#8221;yes&#8221;][vc_column_text]<\/p>\n<h2>Cora\u00e7\u00e3o log\u00edstico<\/h2>\n<p>Com quase tr\u00eas mil empresas operando no Estado, Pernambuco torna-se o principal centro de distribui\u00e7\u00e3o da regi\u00e3o Nordeste<\/p>\n<p>E mais:<br \/>\n&#8211; Cifra encantada<br \/>\n&#8211; Cursos t\u00e9cnicos<br \/>\n&#8211; Os novos cozinheiros<\/p>\n<h3><a href=\"https:\/\/issuu.com\/fecomerciope\/docs\/revista_fecom__rcio_mar__o-abril_20\" target=\"_blank\" rel=\"noopener\">Vers\u00e3o Online<\/a> |\u00a0<a href=\"http:\/\/fecomercio-pe.com.br\/site\/wp-content\/uploads\/2015\/08\/2-Mar\u00e7o-Abril-2015-ilovepdf-compressed_compress.pdf\" target=\"_blank\" rel=\"noopener\">Vers\u00e3oPDF<\/a><\/h3>\n<p>[\/vc_column_text][\/vc_column][vc_column width=&#8221;1\/3&#8243; css=&#8221;.vc_custom_1444833370643{padding-top: 10px !important;padding-right: 10px !important;padding-bottom: 10px !important;padding-left: 10px !important;background-color: #f9f9f9 !important;}&#8221;][vc_column_text]<\/p>\n<h3 style=\"padding-left: 30px;\"><strong>Maio &#8211; Junho de 2015<\/strong><\/h3>\n<h5 style=\"padding-left: 30px;\">Ano IV &#8211; Edi\u00e7\u00e3o N\u00ba 021<\/h5>\n<p>[\/vc_column_text][vc_single_image image=&#8221;894&#8243; img_size=&#8221;medium&#8221; alignment=&#8221;center&#8221; img_link_large=&#8221;yes&#8221;][vc_column_text]<\/p>\n<h2>Petrolina: onde o rio \u00e9 rua<\/h2>\n<p>No sert\u00e3o do Estado, cidade tem nas \u00e1guas do S\u00e3o Francisco um fio condutor do seu cotidiano. Navegue por ele<\/p>\n<p>E mais:<br \/>\n&#8211; PL da terceiriza\u00e7\u00e3o<br \/>\n&#8211; Latido alto<br \/>\n&#8211; Forma\u00e7\u00e3o<\/p>\n<h3><a href=\"http:\/\/issuu.com\/fecomerciope\/docs\/revista_fecom__rcio_mai-jun_2015__d\" target=\"_blank\" rel=\"noopener\">Vers\u00e3o Online<\/a> |\u00a0<a href=\"http:\/\/fecomercio-pe.com.br\/site\/wp-content\/uploads\/2015\/08\/3-Mai-Jun-2015-digital-ilovepdf-compressed_compress.pdf\" target=\"_blank\" rel=\"noopener\">Vers\u00e3oPDF<\/a><\/h3>\n<p>[\/vc_column_text][\/vc_column][\/vc_row][vc_row][vc_column width=&#8221;1\/3&#8243; css=&#8221;.vc_custom_1444834174979{padding-top: 10px !important;padding-right: 10px !important;padding-bottom: 10px !important;padding-left: 10px !important;background-color: #f9f9f9 !important;}&#8221;][vc_column_text]<\/p>\n<h3 style=\"padding-left: 30px;\"><strong>Julho &#8211; Agosto\u00a0de 2015<\/strong><\/h3>\n<h5 style=\"padding-left: 30px;\">Ano IV &#8211; Edi\u00e7\u00e3o N\u00ba 022<\/h5>\n<p>[\/vc_column_text][vc_single_image image=&#8221;1194&#8243; img_size=&#8221;medium&#8221; alignment=&#8221;center&#8221; img_link_large=&#8221;yes&#8221;][vc_column_text]<\/p>\n<h2>Impulso para o Desenvolvimento<\/h2>\n<p>Destaque na economia de Perbambuco, Caruaru ganha nova sede e um centro de conven\u00e7\u00f5es do senac<\/p>\n<p>E mais:<br \/>\n&#8211;\u00a0Sem endere\u00e7o fixo<br \/>\n&#8211;\u00a0Teatro de todos<br \/>\n&#8211;\u00a0Sabores e paisagens<\/p>\n<h3><a href=\"https:\/\/issuu.com\/fecomerciope\/docs\/revista_informe_fecom__rcio_julho-a\" target=\"_blank\" rel=\"noopener\">Vers\u00e3o Online<\/a> |\u00a0<a href=\"http:\/\/fecomercio-pe.com.br\/site\/wp-content\/uploads\/2015\/08\/4-Julho-Agosto-2015-ilovepdf-compressed_compress.pdf\" target=\"_blank\" rel=\"noopener\">Vers\u00e3o PDF<\/a><\/h3>\n<p>[\/vc_column_text][\/vc_column][vc_column width=&#8221;1\/3&#8243; css=&#8221;.vc_custom_1444834227977{padding-top: 10px !important;padding-right: 10px !important;padding-bottom: 10px !important;padding-left: 10px !important;background-color: #f6f6f6 !important;}&#8221;][vc_column_text]<\/p>\n<h3 style=\"padding-left: 30px;\"><strong>Setembro\u00a0&#8211; Outubro\u00a0de 2015<\/strong><\/h3>\n<h5 style=\"padding-left: 30px;\">Ano IV &#8211; Edi\u00e7\u00e3o N\u00ba 023<\/h5>\n<p>[\/vc_column_text][vc_single_image image=&#8221;1201&#8243; img_size=&#8221;medium&#8221; alignment=&#8221;center&#8221; img_link_large=&#8221;yes&#8221;][vc_column_text]<\/p>\n<h2>Consumo na M\u00e1quina do Tempo<\/h2>\n<p>Retr\u00f4 conquista admiradores com refer\u00eancias nost\u00e1lgicas<\/p>\n<p>E mais:<br \/>\n&#8211;\u00a0Escola do Futura<br \/>\n&#8211;\u00a0Rede de Trabalho<br \/>\n&#8211;\u00a0Cidade que d\u00e1 gosto<\/p>\n<h3><a href=\"http:\/\/issuu.com\/fecomerciope\/docs\/informe_fecom__rcio_set-out\" target=\"_blank\" rel=\"noopener\">Vers\u00e3o Online<\/a> |\u00a0<a href=\"http:\/\/fecomercio-pe.com.br\/site\/wp-content\/uploads\/2015\/08\/5-Set-Out-2015-ilovepdf-compressed.pdf\" target=\"_blank\" rel=\"noopener\">Vers\u00e3oPDF<\/a><\/h3>\n<p>[\/vc_column_text][\/vc_column][vc_column width=&#8221;1\/3&#8243; css=&#8221;.vc_custom_1464918351007{padding-top: 10px !important;padding-right: 10px !important;padding-bottom: 10px !important;padding-left: 10px !important;background-color: #f9f9f9 !important;}&#8221;][vc_column_text]<\/p>\n<h3 style=\"padding-left: 30px;\"><strong>Novembro &#8211; Dezembro de 2015<\/strong><\/h3>\n<h5 style=\"padding-left: 30px;\">Ano IV &#8211; Edi\u00e7\u00e3o N\u00ba 024<\/h5>\n<p>[\/vc_column_text][vc_single_image image=&#8221;1860&#8243; img_size=&#8221;medium&#8221; alignment=&#8221;center&#8221; img_link_large=&#8221;yes&#8221;][vc_column_text]<\/p>\n<h2>Previs\u00f5es econ\u00f4micas para 2016<\/h2>\n<p>Os rumos do Brasil e de Pernambuco ap\u00f3s um 2015 de instabilidades<\/p>\n<p>E mais:<br \/>\n&#8211; Ativismo de consumo<br \/>\n&#8211;\u00a0Consertar ou comprar?<br \/>\n&#8211;\u00a0V\u00e1rios estilos<\/p>\n<h3><a href=\"https:\/\/issuu.com\/fecomerciope\/docs\/informe_fecom__rcio_ed_24__site___1\" target=\"_blank\" rel=\"noopener\">Vers\u00e3o Online<\/a> |\u00a0<a href=\"http:\/\/fecomercio-pe.com.br\/site\/wp-content\/uploads\/2015\/08\/6-Nov-Dez-2015.pdf\">Vers\u00e3oPDF<\/a><\/h3>\n<p>[\/vc_column_text][\/vc_column][\/vc_row][vc_row][vc_column][vc_column_text]<\/p>\n<h1>Informe Fecom\u00e9rcio-PE 2014<\/h1>\n<p>[\/vc_column_text][\/vc_column][\/vc_row][vc_row][vc_column width=&#8221;1\/3&#8243; css=&#8221;.vc_custom_1444834174979{padding-top: 10px !important;padding-right: 10px !important;padding-bottom: 10px !important;padding-left: 10px !important;background-color: #f9f9f9 !important;}&#8221;][vc_column_text]<\/p>\n<h3 style=\"padding-left: 30px;\"><strong>Janeiro &#8211; Fevereiro de 2014<\/strong><\/h3>\n<h5 style=\"padding-left: 30px;\">Ano III &#8211; Edi\u00e7\u00e3o N\u00ba 13<\/h5>\n<p>[\/vc_column_text][vc_single_image image=&#8221;912&#8243; img_size=&#8221;medium&#8221; alignment=&#8221;center&#8221; img_link_large=&#8221;yes&#8221;][vc_column_text]<\/p>\n<h2><\/h2>\n<h3><a href=\"https:\/\/issuu.com\/fecomerciope\/docs\/informe_fecomercio\" target=\"_blank\" rel=\"noopener\">Vers\u00e3o Online<\/a> |\u00a0<a href=\"http:\/\/fecomercio-pe.com.br\/site\/wp-content\/uploads\/2016\/07\/RIF-jan-fev-2014-ilovepdf-compressed_compress.pdf\" target=\"_blank\" rel=\"noopener\">Vers\u00e3oPDF<\/a><\/h3>\n<p>[\/vc_column_text][\/vc_column][vc_column width=&#8221;1\/3&#8243; css=&#8221;.vc_custom_1444834227977{padding-top: 10px !important;padding-right: 10px !important;padding-bottom: 10px !important;padding-left: 10px !important;background-color: #f6f6f6 !important;}&#8221;][vc_column_text]<\/p>\n<h3 style=\"padding-left: 30px;\"><strong>Mar\u00e7o &#8211; Abril de 2014<\/strong><\/h3>\n<h5 style=\"padding-left: 30px;\">Ano III &#8211; Edi\u00e7\u00e3o N\u00ba\u00a014<\/h5>\n<p>[\/vc_column_text][vc_single_image image=&#8221;913&#8243; img_size=&#8221;medium&#8221; alignment=&#8221;center&#8221; img_link_large=&#8221;yes&#8221;][vc_column_text]<\/p>\n<h2><\/h2>\n<h3><a href=\"https:\/\/issuu.com\/fecomerciope\/docs\/revista\" target=\"_blank\" rel=\"noopener\">Vers\u00e3o Online<\/a> |\u00a0<a href=\"http:\/\/fecomercio-pe.com.br\/site\/wp-content\/uploads\/2016\/07\/RIF-Mar-Abr-2014-ilovepdf-compressed_compress.pdf\" target=\"_blank\" rel=\"noopener\">Vers\u00e3oPDF<\/a><\/h3>\n<p>[\/vc_column_text][\/vc_column][vc_column width=&#8221;1\/3&#8243; css=&#8221;.vc_custom_1444833370643{padding-top: 10px !important;padding-right: 10px !important;padding-bottom: 10px !important;padding-left: 10px !important;background-color: #f9f9f9 !important;}&#8221;][vc_column_text]<\/p>\n<h3 style=\"padding-left: 30px;\"><strong>Maio &#8211; Junho de 2014<\/strong><\/h3>\n<h5 style=\"padding-left: 30px;\">Ano III &#8211; Edi\u00e7\u00e3o N\u00ba\u00a015<\/h5>\n<p>[\/vc_column_text][vc_single_image image=&#8221;914&#8243; img_size=&#8221;medium&#8221; alignment=&#8221;center&#8221; img_link_large=&#8221;yes&#8221;][vc_column_text]<\/p>\n<h2><\/h2>\n<h3><a href=\"https:\/\/issuu.com\/fecomerciope\/docs\/revista_mai_jun\" target=\"_blank\" rel=\"noopener\">Vers\u00e3o Online<\/a> |\u00a0<a href=\"http:\/\/fecomercio-pe.com.br\/site\/wp-content\/uploads\/2016\/07\/RIF-Mai_Jun-2014-ilovepdf-compressed_compress.pdf\" target=\"_blank\" rel=\"noopener\">Vers\u00e3oPDF<\/a><\/h3>\n<p>[\/vc_column_text][\/vc_column][\/vc_row][vc_row][vc_column width=&#8221;1\/3&#8243; css=&#8221;.vc_custom_1444834174979{padding-top: 10px !important;padding-right: 10px !important;padding-bottom: 10px !important;padding-left: 10px !important;background-color: #f9f9f9 !important;}&#8221;][vc_column_text]<\/p>\n<h3 style=\"padding-left: 30px;\"><strong>Julho &#8211; Agosto de 2014<\/strong><\/h3>\n<h5 style=\"padding-left: 30px;\">Ano III &#8211; Edi\u00e7\u00e3o N\u00ba\u00a016<\/h5>\n<p>[\/vc_column_text][vc_single_image image=&#8221;915&#8243; img_size=&#8221;medium&#8221; alignment=&#8221;center&#8221; img_link_large=&#8221;yes&#8221;][vc_column_text]<\/p>\n<h2><\/h2>\n<h3><a href=\"https:\/\/issuu.com\/fecomerciope\/docs\/rif_jul-ago_2014\" target=\"_blank\" rel=\"noopener\">Vers\u00e3o Online<\/a> |\u00a0<a href=\"http:\/\/fecomercio-pe.com.br\/site\/wp-content\/uploads\/2016\/07\/RIF-Jul-Ago_2014-ilovepdf-compressed_compress-ilovepdf-compressed.pdf\" target=\"_blank\" rel=\"noopener\">Vers\u00e3oPDF<\/a><\/h3>\n<p>[\/vc_column_text][\/vc_column][vc_column width=&#8221;1\/3&#8243; css=&#8221;.vc_custom_1444834227977{padding-top: 10px !important;padding-right: 10px !important;padding-bottom: 10px !important;padding-left: 10px !important;background-color: #f6f6f6 !important;}&#8221;][vc_column_text]<\/p>\n<h3 style=\"padding-left: 30px;\"><strong>Setembro &#8211; Outubro de 2014<\/strong><\/h3>\n<h5 style=\"padding-left: 30px;\">Ano III &#8211; Edi\u00e7\u00e3o N\u00ba\u00a017<\/h5>\n<p>[\/vc_column_text][vc_single_image image=&#8221;916&#8243; img_size=&#8221;medium&#8221; alignment=&#8221;center&#8221; img_link_large=&#8221;yes&#8221;][vc_column_text]<\/p>\n<h2><\/h2>\n<h3><a href=\"https:\/\/issuu.com\/fecomerciope\/docs\/rif_set-out_2014_menor\" target=\"_blank\" rel=\"noopener\">Vers\u00e3o Online<\/a> |\u00a0<a href=\"http:\/\/fecomercio-pe.com.br\/site\/wp-content\/uploads\/2016\/07\/RIF_Set-Out_2014-ilovepdf-compressed_compress-ilovepdf-compressed.pdf\" target=\"_blank\" rel=\"noopener\">Vers\u00e3oPDF<\/a><\/h3>\n<p>[\/vc_column_text][\/vc_column][vc_column width=&#8221;1\/3&#8243; css=&#8221;.vc_custom_1444833370643{padding-top: 10px !important;padding-right: 10px !important;padding-bottom: 10px !important;padding-left: 10px !important;background-color: #f9f9f9 !important;}&#8221;][vc_column_text]<\/p>\n<h3 style=\"padding-left: 30px;\"><strong>Novembro &#8211; Dezembro de 2014<\/strong><\/h3>\n<h5 style=\"padding-left: 30px;\">Ano III &#8211; Edi\u00e7\u00e3o N\u00ba\u00a018<\/h5>\n<p>[\/vc_column_text][vc_single_image image=&#8221;917&#8243; img_size=&#8221;medium&#8221; alignment=&#8221;center&#8221; img_link_large=&#8221;yes&#8221;][vc_column_text]<\/p>\n<h2><\/h2>\n<h3><a href=\"https:\/\/issuu.com\/fecomerciope\/docs\/revista_fecomercio_nov-dez2014\" target=\"_blank\" rel=\"noopener\">Vers\u00e3o Online<\/a> |\u00a0<a href=\"http:\/\/fecomercio-pe.com.br\/site\/wp-content\/uploads\/2016\/07\/RIF-Nov-Dez2014-ilovepdf-compressed_compress.pdf\" target=\"_blank\" rel=\"noopener\">Vers\u00e3oPDF<\/a><\/h3>\n<p>[\/vc_column_text][\/vc_column][\/vc_row][vc_row][vc_column][vc_column_text]<\/p>\n<h1>Informe Fecom\u00e9rcio-PE 2013<\/h1>\n<p>[\/vc_column_text][\/vc_column][\/vc_row][vc_row][vc_column width=&#8221;1\/3&#8243; css=&#8221;.vc_custom_1444834174979{padding-top: 10px !important;padding-right: 10px !important;padding-bottom: 10px !important;padding-left: 10px !important;background-color: #f9f9f9 !important;}&#8221;][vc_column_text]<\/p>\n<h3 style=\"padding-left: 30px;\"><strong>Janeiro &#8211; Fevereiro de 2013<\/strong><\/h3>\n<h5 style=\"padding-left: 30px;\">Ano II &#8211; Edi\u00e7\u00e3o N\u00ba 07<\/h5>\n<p>[\/vc_column_text][vc_single_image image=&#8221;1187&#8243; img_size=&#8221;medium&#8221; alignment=&#8221;center&#8221; img_link_large=&#8221;yes&#8221;][vc_column_text]<\/p>\n<h2><\/h2>\n<h3><a href=\"https:\/\/issuu.com\/fecomerciope\/docs\/rif_007\" target=\"_blank\" rel=\"noopener\">Vers\u00e3o Online<\/a> |\u00a0<a href=\"http:\/\/fecomercio-pe.com.br\/site\/wp-content\/uploads\/2015\/10\/Revista-Fecomercio-PE-2015-Mai-Jun.pdf\" target=\"_blank\" rel=\"noopener\">Vers\u00e3oPDF<\/a><\/h3>\n<p>[\/vc_column_text][\/vc_column][vc_column width=&#8221;1\/3&#8243; css=&#8221;.vc_custom_1444834227977{padding-top: 10px !important;padding-right: 10px !important;padding-bottom: 10px !important;padding-left: 10px !important;background-color: #f6f6f6 !important;}&#8221;][vc_column_text]<\/p>\n<h3 style=\"padding-left: 30px;\"><strong>Mar\u00e7o &#8211; Abril de 2013<\/strong><\/h3>\n<h5 style=\"padding-left: 30px;\">Ano II &#8211; Edi\u00e7\u00e3o N\u00ba 08<\/h5>\n<p>[\/vc_column_text][vc_single_image image=&#8221;1188&#8243; img_size=&#8221;medium&#8221; alignment=&#8221;center&#8221; img_link_large=&#8221;yes&#8221;][vc_column_text]<\/p>\n<h2><\/h2>\n<h3><a href=\"https:\/\/issuu.com\/fecomerciope\/docs\/rif_008\" target=\"_blank\" rel=\"noopener\">Vers\u00e3o Online<\/a> |\u00a0<a href=\"http:\/\/fecomercio-pe.com.br\/site\/wp-content\/uploads\/2015\/10\/Revista-Fecomercio-PE-2015-Mai-Jun.pdf\" target=\"_blank\" rel=\"noopener\">Vers\u00e3oPDF<\/a><\/h3>\n<p>[\/vc_column_text][\/vc_column][vc_column width=&#8221;1\/3&#8243; css=&#8221;.vc_custom_1444833370643{padding-top: 10px !important;padding-right: 10px !important;padding-bottom: 10px !important;padding-left: 10px !important;background-color: #f9f9f9 !important;}&#8221;][vc_column_text]<\/p>\n<h3 style=\"padding-left: 30px;\"><strong>Maio &#8211; Junho de 2013<\/strong><\/h3>\n<h5 style=\"padding-left: 30px;\">Ano II &#8211; Edi\u00e7\u00e3o N\u00ba 09<\/h5>\n<p>[\/vc_column_text][vc_single_image image=&#8221;1186&#8243; img_size=&#8221;medium&#8221; alignment=&#8221;center&#8221; img_link_large=&#8221;yes&#8221;][vc_column_text]<\/p>\n<h2><\/h2>\n<h3><a href=\"https:\/\/issuu.com\/fecomerciope\/docs\/009_rif\" target=\"_blank\" rel=\"noopener\">Vers\u00e3o Online<\/a> |\u00a0<a href=\"http:\/\/fecomercio-pe.com.br\/site\/wp-content\/uploads\/2015\/10\/Revista-Fecomercio-PE-2015-Mai-Jun.pdf\" target=\"_blank\" rel=\"noopener\">Vers\u00e3oPDF<\/a><\/h3>\n<p>[\/vc_column_text][\/vc_column][\/vc_row][vc_row][vc_column width=&#8221;1\/3&#8243; css=&#8221;.vc_custom_1444834174979{padding-top: 10px !important;padding-right: 10px !important;padding-bottom: 10px !important;padding-left: 10px !important;background-color: #f9f9f9 !important;}&#8221;][vc_column_text]<\/p>\n<h3 style=\"padding-left: 30px;\"><strong>Julho &#8211; Agosto de 2013<\/strong><\/h3>\n<h5 style=\"padding-left: 30px;\">Ano II &#8211; Edi\u00e7\u00e3o N\u00ba 10<\/h5>\n<p>[\/vc_column_text][vc_single_image image=&#8221;1189&#8243; img_size=&#8221;medium&#8221; alignment=&#8221;center&#8221; img_link_large=&#8221;yes&#8221;][vc_column_text]<\/p>\n<h2><\/h2>\n<h3><a href=\"https:\/\/issuu.com\/fecomerciope\/docs\/rif_10\" target=\"_blank\" rel=\"noopener\">Vers\u00e3o Online<\/a> |\u00a0<a href=\"http:\/\/fecomercio-pe.com.br\/site\/wp-content\/uploads\/2015\/10\/Revista-Fecomercio-PE-2015-Mai-Jun.pdf\" target=\"_blank\" rel=\"noopener\">Vers\u00e3oPDF<\/a><\/h3>\n<p>[\/vc_column_text][\/vc_column][vc_column width=&#8221;1\/3&#8243; css=&#8221;.vc_custom_1444834227977{padding-top: 10px !important;padding-right: 10px !important;padding-bottom: 10px !important;padding-left: 10px !important;background-color: #f6f6f6 !important;}&#8221;][vc_column_text]<\/p>\n<h3 style=\"padding-left: 30px;\"><strong>Setembro &#8211; Outubro de 2013<\/strong><\/h3>\n<h5 style=\"padding-left: 30px;\">Ano II &#8211; Edi\u00e7\u00e3o N\u00ba 11<\/h5>\n<p>[\/vc_column_text][vc_single_image image=&#8221;1190&#8243; img_size=&#8221;medium&#8221; alignment=&#8221;center&#8221; img_link_large=&#8221;yes&#8221;][vc_column_text]<\/p>\n<h2><\/h2>\n<h3><a href=\"https:\/\/issuu.com\/fecomerciope\/docs\/rif_011\" target=\"_blank\" rel=\"noopener\">Vers\u00e3o Online<\/a> |\u00a0<a href=\"http:\/\/fecomercio-pe.com.br\/site\/wp-content\/uploads\/2015\/10\/Revista-Fecomercio-PE-2015-Mai-Jun.pdf\" target=\"_blank\" rel=\"noopener\">Vers\u00e3oPDF<\/a><\/h3>\n<p>[\/vc_column_text][\/vc_column][vc_column width=&#8221;1\/3&#8243; css=&#8221;.vc_custom_1444833370643{padding-top: 10px !important;padding-right: 10px !important;padding-bottom: 10px !important;padding-left: 10px !important;background-color: #f9f9f9 !important;}&#8221;][vc_column_text]<\/p>\n<h3 style=\"padding-left: 30px;\"><strong>Novembro &#8211; Dezembro de 2013<\/strong><\/h3>\n<h5 style=\"padding-left: 30px;\">Ano II &#8211; Edi\u00e7\u00e3o N\u00ba 12<\/h5>\n<p>[\/vc_column_text][vc_single_image image=&#8221;1191&#8243; img_size=&#8221;medium&#8221; alignment=&#8221;center&#8221; img_link_large=&#8221;yes&#8221;][vc_column_text]<\/p>\n<h2><\/h2>\n<h3><a href=\"https:\/\/issuu.com\/fecomerciope\/docs\/rif_12\" target=\"_blank\" rel=\"noopener\">Vers\u00e3o Online<\/a> |\u00a0<a href=\"http:\/\/fecomercio-pe.com.br\/site\/wp-content\/uploads\/2015\/10\/Revista-Fecomercio-PE-2015-Mai-Jun.pdf\" target=\"_blank\" rel=\"noopener\">Vers\u00e3oPDF<\/a><\/h3>\n<p>[\/vc_column_text][\/vc_column][\/vc_row][vc_row][vc_column][vc_column_text]<\/p>\n<h1>Informe Fecom\u00e9rcio-PE 2012<\/h1>\n<p>[\/vc_column_text][\/vc_column][\/vc_row][vc_row][vc_column width=&#8221;1\/3&#8243; css=&#8221;.vc_custom_1444834174979{padding-top: 10px !important;padding-right: 10px !important;padding-bottom: 10px !important;padding-left: 10px !important;background-color: #f9f9f9 !important;}&#8221;][vc_column_text]<\/p>\n<h3 style=\"padding-left: 30px;\"><strong>Janeiro &#8211; Fevereiro de 2012<\/strong><\/h3>\n<h5 style=\"padding-left: 30px;\">Ano I &#8211; Edi\u00e7\u00e3o N\u00ba 01<\/h5>\n<p>[\/vc_column_text][vc_single_image image=&#8221;1207&#8243; img_size=&#8221;medium&#8221; alignment=&#8221;center&#8221; img_link_large=&#8221;yes&#8221;][vc_column_text]<\/p>\n<h2><\/h2>\n<h3><a href=\"https:\/\/issuu.com\/fecomerciope\/docs\/informe-janeiro-fevereiro-2012\" target=\"_blank\" rel=\"noopener\">Vers\u00e3o Online<\/a> |\u00a0<a href=\"http:\/\/fecomercio-pe.com.br\/site\/wp-content\/uploads\/2015\/10\/Revista-Fecomercio-PE-2015-Mai-Jun.pdf\" target=\"_blank\" rel=\"noopener\">Vers\u00e3oPDF<\/a><\/h3>\n<p>[\/vc_column_text][\/vc_column][vc_column width=&#8221;1\/3&#8243; css=&#8221;.vc_custom_1444834227977{padding-top: 10px !important;padding-right: 10px !important;padding-bottom: 10px !important;padding-left: 10px !important;background-color: #f6f6f6 !important;}&#8221;][vc_column_text]<\/p>\n<h3 style=\"padding-left: 30px;\"><strong>Mar\u00e7o &#8211; Abril de 2012<\/strong><\/h3>\n<h5 style=\"padding-left: 30px;\">Ano I &#8211; Edi\u00e7\u00e3o N\u00ba 02<\/h5>\n<p>[\/vc_column_text][vc_single_image image=&#8221;1209&#8243; img_size=&#8221;medium&#8221; alignment=&#8221;center&#8221; img_link_large=&#8221;yes&#8221;][vc_column_text]<\/p>\n<h2><\/h2>\n<h3><a href=\"https:\/\/issuu.com\/fecomerciope\/docs\/rif_02\" target=\"_blank\" rel=\"noopener\">Vers\u00e3o Online<\/a> |\u00a0<a href=\"http:\/\/fecomercio-pe.com.br\/site\/wp-content\/uploads\/2015\/10\/Revista-Fecomercio-PE-2015-Mai-Jun.pdf\" target=\"_blank\" rel=\"noopener\">Vers\u00e3oPDF<\/a><\/h3>\n<p>[\/vc_column_text][\/vc_column][vc_column width=&#8221;1\/3&#8243; css=&#8221;.vc_custom_1444833370643{padding-top: 10px !important;padding-right: 10px !important;padding-bottom: 10px !important;padding-left: 10px !important;background-color: #f9f9f9 !important;}&#8221;][vc_column_text]<\/p>\n<h3 style=\"padding-left: 30px;\"><strong>Maio &#8211; Junho de 2012<\/strong><\/h3>\n<h5 style=\"padding-left: 30px;\">Ano I &#8211; Edi\u00e7\u00e3o N\u00ba 03<\/h5>\n<p>[\/vc_column_text][vc_single_image image=&#8221;1208&#8243; img_size=&#8221;medium&#8221; alignment=&#8221;center&#8221; img_link_large=&#8221;yes&#8221;][vc_column_text]<\/p>\n<h2><\/h2>\n<h3><a href=\"https:\/\/issuu.com\/fecomerciope\/docs\/revista_inf_fecomercio_003\" target=\"_blank\" rel=\"noopener\">Vers\u00e3o Online<\/a> |\u00a0<a href=\"http:\/\/fecomercio-pe.com.br\/site\/wp-content\/uploads\/2015\/10\/Revista-Fecomercio-PE-2015-Mai-Jun.pdf\" target=\"_blank\" rel=\"noopener\">Vers\u00e3oPDF<\/a><\/h3>\n<p>[\/vc_column_text][\/vc_column][\/vc_row][vc_row][vc_column width=&#8221;1\/3&#8243; css=&#8221;.vc_custom_1444834174979{padding-top: 10px !important;padding-right: 10px !important;padding-bottom: 10px !important;padding-left: 10px !important;background-color: #f9f9f9 !important;}&#8221;][vc_column_text]<\/p>\n<h3 style=\"padding-left: 30px;\"><strong>Julho &#8211; Agosto de 2012<\/strong><\/h3>\n<h5 style=\"padding-left: 30px;\">Ano I &#8211; Edi\u00e7\u00e3o N\u00ba 04<\/h5>\n<p>[\/vc_column_text][vc_single_image image=&#8221;1210&#8243; img_size=&#8221;medium&#8221; alignment=&#8221;center&#8221; img_link_large=&#8221;yes&#8221;][vc_column_text]<\/p>\n<h2><\/h2>\n<h3><a href=\"https:\/\/issuu.com\/fecomerciope\/docs\/rif_04\" target=\"_blank\" rel=\"noopener\">Vers\u00e3o Online<\/a> |\u00a0<a href=\"http:\/\/fecomercio-pe.com.br\/site\/wp-content\/uploads\/2015\/10\/Revista-Fecomercio-PE-2015-Mai-Jun.pdf\" target=\"_blank\" rel=\"noopener\">Vers\u00e3oPDF<\/a><\/h3>\n<p>[\/vc_column_text][\/vc_column][vc_column width=&#8221;1\/3&#8243; css=&#8221;.vc_custom_1444834227977{padding-top: 10px !important;padding-right: 10px !important;padding-bottom: 10px !important;padding-left: 10px !important;background-color: #f6f6f6 !important;}&#8221;][vc_column_text]<\/p>\n<h3 style=\"padding-left: 30px;\"><strong>Setembro &#8211; Outubro de 2012<\/strong><\/h3>\n<h5 style=\"padding-left: 30px;\">Ano I &#8211; Edi\u00e7\u00e3o N\u00ba\u00a005<\/h5>\n<p>[\/vc_column_text][vc_single_image image=&#8221;1211&#8243; img_size=&#8221;medium&#8221; alignment=&#8221;center&#8221; img_link_large=&#8221;yes&#8221;][vc_column_text]<\/p>\n<h2><\/h2>\n<h3><a href=\"https:\/\/issuu.com\/fecomerciope\/docs\/rif_005\" target=\"_blank\" rel=\"noopener\">Vers\u00e3o Online<\/a> |\u00a0<a href=\"http:\/\/fecomercio-pe.com.br\/site\/wp-content\/uploads\/2015\/10\/Revista-Fecomercio-PE-2015-Mai-Jun.pdf\" target=\"_blank\" rel=\"noopener\">Vers\u00e3oPDF<\/a><\/h3>\n<p>[\/vc_column_text][\/vc_column][vc_column width=&#8221;1\/3&#8243; css=&#8221;.vc_custom_1444833370643{padding-top: 10px !important;padding-right: 10px !important;padding-bottom: 10px !important;padding-left: 10px !important;background-color: #f9f9f9 !important;}&#8221;][vc_column_text]<\/p>\n<h3 style=\"padding-left: 30px;\"><strong>Novembro &#8211; Dezembro de 2012<\/strong><\/h3>\n<h5 style=\"padding-left: 30px;\">Ano I &#8211; Edi\u00e7\u00e3o N\u00ba 06<\/h5>\n<p>[\/vc_column_text][vc_single_image image=&#8221;1212&#8243; img_size=&#8221;medium&#8221; alignment=&#8221;center&#8221; img_link_large=&#8221;yes&#8221;][vc_column_text]<\/p>\n<h2><\/h2>\n<h3><a href=\"https:\/\/issuu.com\/fecomerciope\/docs\/rif_006\" target=\"_blank\" rel=\"noopener\">Vers\u00e3o Online<\/a> |\u00a0<a href=\"http:\/\/fecomercio-pe.com.br\/site\/wp-content\/uploads\/2015\/10\/Revista-Fecomercio-PE-2015-Mai-Jun.pdf\" target=\"_blank\" rel=\"noopener\">Vers\u00e3oPDF<\/a><\/h3>\n<p>[\/vc_column_text][\/vc_column][\/vc_row]<\/p>\n","protected":false},"excerpt":{"rendered":"<p>[vc_row][vc_column width=&#8221;1\/4&#8243;][\/vc_column][vc_column width=&#8221;1\/2&#8243;][vc_single_image image=&#8221;909&#8243; img_size=&#8221;full&#8221; alignment=&#8221;center&#8221;][\/vc_column][vc_column width=&#8221;1\/4&#8243;][\/vc_column][\/vc_row][vc_row][vc_column width=&#8221;1\/3&#8243;][\/vc_column][vc_column width=&#8221;1\/3&#8243;][\/vc_column][vc_column width=&#8221;1\/3&#8243;][\/vc_column][\/vc_row][vc_row][vc_column][vc_column_text] Informe Fecom\u00e9rcio-PE 2025 [\/vc_column_text][\/vc_column][\/vc_row][vc_row][vc_column width=&#8221;1\/3&#8243;][vc_column_text] Todo bimestre, uma nova revista para voc\u00ea &nbsp; A revista INFORME FECOM\u00c9RCIO-PE \u00e9 uma publica\u00e7\u00e3o da Federa\u00e7\u00e3o do Com\u00e9rcio de Bens, Servi\u00e7os e Turismo do Estado de Pernambuco (Fecom\u00e9rcio-PE), criada em 1996, a partir da gest\u00e3o do presidente Josias Albuquerque,<br \/><a href=\"http:\/\/fecomercio-pe.com.br\/site\/noticias\/informe-fecomercio-pe\/\" class=\"more\">Read more<\/a><\/p>\n","protected":false},"author":1,"featured_media":0,"parent":49,"menu_order":0,"comment_status":"open","ping_status":"open","template":"","meta":{"footnotes":""},"_links":{"self":[{"href":"http:\/\/fecomercio-pe.com.br\/site\/wp-json\/wp\/v2\/pages\/51"}],"collection":[{"href":"http:\/\/fecomercio-pe.com.br\/site\/wp-json\/wp\/v2\/pages"}],"about":[{"href":"http:\/\/fecomercio-pe.com.br\/site\/wp-json\/wp\/v2\/types\/page"}],"author":[{"embeddable":true,"href":"http:\/\/fecomercio-pe.com.br\/site\/wp-json\/wp\/v2\/users\/1"}],"replies":[{"embeddable":true,"href":"http:\/\/fecomercio-pe.com.br\/site\/wp-json\/wp\/v2\/comments?post=51"}],"version-history":[{"count":184,"href":"http:\/\/fecomercio-pe.com.br\/site\/wp-json\/wp\/v2\/pages\/51\/revisions"}],"predecessor-version":[{"id":7253,"href":"http:\/\/fecomercio-pe.com.br\/site\/wp-json\/wp\/v2\/pages\/51\/revisions\/7253"}],"up":[{"embeddable":true,"href":"http:\/\/fecomercio-pe.com.br\/site\/wp-json\/wp\/v2\/pages\/49"}],"wp:attachment":[{"href":"http:\/\/fecomercio-pe.com.br\/site\/wp-json\/wp\/v2\/media?parent=51"}],"curies":[{"name":"wp","href":"https:\/\/api.w.org\/{rel}","templated":true}]}}